{"id":4827,"date":"2022-03-04T17:38:57","date_gmt":"2022-03-04T16:38:57","guid":{"rendered":"https:\/\/www.abenteueralbanien.de\/?page_id=4827"},"modified":"2024-02-03T23:12:03","modified_gmt":"2024-02-03T22:12:03","slug":"individueel-reizen","status":"publish","type":"page","link":"https:\/\/www.abenteueralbanien.de\/nl\/individualreisen\/","title":{"rendered":"Individueel reizen"},"content":{"rendered":"<div class=\"fusion-fullwidth fullwidth-box fusion-builder-row-1 fusion-flex-container nonhundred-percent-fullwidth non-hundred-percent-height-scrolling\" style=\"--awb-border-radius-top-left:0px;--awb-border-radius-top-right:0px;--awb-border-radius-bottom-right:0px;--awb-border-radius-bottom-left:0px;--awb-flex-wrap:wrap;\" ><div class=\"fusion-builder-row fusion-row fusion-flex-align-items-flex-start fusion-flex-content-wrap\" style=\"max-width:1248px;margin-left: calc(-4% \/ 2 );margin-right: calc(-4% \/ 2 );\"><div class=\"fusion-layout-column fusion_builder_column fusion-builder-column-0 fusion_builder_column_1_1 1_1 fusion-flex-column\" style=\"--awb-bg-size:cover;--awb-width-large:100%;--awb-margin-top-large:0px;--awb-spacing-right-large:1.92%;--awb-margin-bottom-large:20px;--awb-spacing-left-large:1.92%;--awb-width-medium:100%;--awb-order-medium:0;--awb-spacing-right-medium:1.92%;--awb-spacing-left-medium:1.92%;--awb-width-small:100%;--awb-order-small:0;--awb-spacing-right-small:1.92%;--awb-spacing-left-small:1.92%;\"><div class=\"fusion-column-wrapper fusion-column-has-shadow fusion-flex-justify-content-flex-start fusion-content-layout-column\"><div class=\"fusion-image-element \" style=\"text-align:center;--awb-margin-top:0px;--awb-margin-bottom:50px;--awb-caption-title-font-family:var(--h2_typography-font-family);--awb-caption-title-font-weight:var(--h2_typography-font-weight);--awb-caption-title-font-style:var(--h2_typography-font-style);--awb-caption-title-size:var(--h2_typography-font-size);--awb-caption-title-transform:var(--h2_typography-text-transform);--awb-caption-title-line-height:var(--h2_typography-line-height);--awb-caption-title-letter-spacing:var(--h2_typography-letter-spacing);\"><span class=\" fusion-imageframe imageframe-none imageframe-1 hover-type-none\"><img decoding=\"async\" width=\"1742\" height=\"433\" alt=\"Individualreise Albanien\" title=\"Individualreise Albanien\" src=\"https:\/\/www.abenteueralbanien.de\/wp-content\/uploads\/2022\/03\/Capture1.png\" data-orig-src=\"https:\/\/www.abenteueralbanien.de\/wp-content\/uploads\/2022\/03\/Capture1.png\" class=\"lazyload img-responsive wp-image-4843\" srcset=\"data:image\/svg+xml,%3Csvg%20xmlns%3D%27http%3A%2F%2Fwww.w3.org%2F2000%2Fsvg%27%20width%3D%271742%27%20height%3D%27433%27%20viewBox%3D%270%200%201742%20433%27%3E%3Crect%20width%3D%271742%27%20height%3D%27433%27%20fill-opacity%3D%220%22%2F%3E%3C%2Fsvg%3E\" data-srcset=\"https:\/\/www.abenteueralbanien.de\/wp-content\/uploads\/2022\/03\/Capture1-200x50.png 200w, https:\/\/www.abenteueralbanien.de\/wp-content\/uploads\/2022\/03\/Capture1-400x99.png 400w, https:\/\/www.abenteueralbanien.de\/wp-content\/uploads\/2022\/03\/Capture1-600x149.png 600w, https:\/\/www.abenteueralbanien.de\/wp-content\/uploads\/2022\/03\/Capture1-800x199.png 800w, https:\/\/www.abenteueralbanien.de\/wp-content\/uploads\/2022\/03\/Capture1-1200x298.png 1200w, https:\/\/www.abenteueralbanien.de\/wp-content\/uploads\/2022\/03\/Capture1.png 1742w\" data-sizes=\"auto\" data-orig-sizes=\"(max-width: 1024px) 100vw, (max-width: 640px) 100vw, 1200px\" \/><\/span><\/div><div class=\"fusion-title title fusion-title-1 fusion-title-center fusion-title-text fusion-title-size-one\" style=\"--awb-margin-bottom:40px;--awb-margin-top-small:0px;--awb-margin-right-small:0px;--awb-margin-bottom-small:20px;--awb-margin-left-small:0px;\"><div class=\"title-sep-container title-sep-container-left\"><div class=\"title-sep sep- sep-solid\" style=\"border-color:#e0dede;\"><\/div><\/div><span class=\"awb-title-spacer\"><\/span><h1 class=\"fusion-title-heading title-heading-center fusion-responsive-typography-calculated\" style=\"margin:0;--fontSize:38;line-height:1.45;\"><p style=\"text-align: center;\">Individualreisen im unbekannten Albanien<\/p><\/h1><span class=\"awb-title-spacer\"><\/span><div class=\"title-sep-container title-sep-container-right\"><div class=\"title-sep sep- sep-solid\" style=\"border-color:#e0dede;\"><\/div><\/div><\/div><div class=\"fusion-text fusion-text-1 fusion-text-no-margin\" style=\"--awb-text-transform:none;--awb-margin-bottom:40px;\"><p>Du liebst das Unbekannte und m\u00f6chtest flexibel und individuell Reisen, aber bei der Planung nicht auf unser Wissen und langj\u00e4hrige Erfahrung verzichten? Die pers\u00f6nliche Beratung und Reiseempfehlungen werden von unseren Kunden sehr gesch\u00e4tzt. F\u00fcr individuell Reisenden bieten wir ein vielf\u00e4ltiges Angebot an erlebnisreichen Mietwagenrundreisen, Wanderreisen oder die bekannte Dreil\u00e4nder- \u00abPeaks of the Balkan\u00bb-Trekkingreise. Gerne erstellen wir auch eine ma\u00dfgeschneiderte Reise, abgestimmt auf eure W\u00fcnsche, Bed\u00fcrfnisse, kulturellen Interessen, Kondition und Abenteuerlust.<\/p>\n<p>Auch wenn Sie schon feste Pl\u00e4ne haben und vielleicht nur Hilfe f\u00fcr die Umsetzung ben\u00f6tigen, k\u00f6nnen wir Ihnen helfen ma\u00dfgeschneiderte Individualreisen in Albanien durchzuf\u00fchren. Gerade weil dieses faszinierende Land so vielseitig ist und wundersch\u00f6ne, teilweise noch unber\u00fchrte Landschaften hat, empfehlen wir viel Zeit f\u00fcr den Urlaub in Albanien mitzubringen.<\/p>\n<p>Einfach \u00fcber das Formular unten eine unverbindliche Anfrage starten und wir melden uns zeitnah bei dir mit unseren Vorschl\u00e4gen und\/oder Empfehlungen und Tips.<\/p>\n<h4>Folgende Dienstleistungen bieten wir euch f\u00fcr Individualreisen an:<\/h4>\n<ul>\n<li>Gemeinsame Erstellung der Reiseroute &amp; Programm<\/li>\n<li>Transfers vom\/zum Flughafen<\/li>\n<li>Organisation von Mietwagen<\/li>\n<li>Organisation der Unterk\u00fcnfte (Hotels, Gasth\u00e4user,\u2026)<\/li>\n<li>Organisation von Privattransport<\/li>\n<li>Organisation eines privaten Fahrers<\/li>\n<li>Organisation von einem deutsch oder englisch sprechendem Guide<\/li>\n<li>Organisation von Stadtf\u00fchrungen<\/li>\n<li>Organisation von Rafting oder Canyoning Touren<\/li>\n<li>Organisation des Gep\u00e4cktransports bei Trekkingreisen oder \u00e4hnliches<\/li>\n<li>Ausf\u00fchrliche Reiseunterlagen und Reisetipps<\/li>\n<\/ul>\n<\/div><div class=\"fusion-separator fusion-full-width-sep\" style=\"align-self: center;margin-left: auto;margin-right: auto;margin-top:50px;margin-bottom:35px;width:100%;\"><div class=\"fusion-separator-border sep-double\" style=\"--awb-height:20px;--awb-amount:20px;border-color:#e0dede;border-top-width:1px;border-bottom-width:1px;\"><\/div><\/div><\/div><\/div><\/div><\/div><div class=\"fusion-fullwidth fullwidth-box fusion-builder-row-2 fusion-flex-container has-pattern-background has-mask-background nonhundred-percent-fullwidth non-hundred-percent-height-scrolling\" style=\"--awb-border-radius-top-left:0px;--awb-border-radius-top-right:0px;--awb-border-radius-bottom-right:0px;--awb-border-radius-bottom-left:0px;--awb-padding-top:30px;--awb-padding-bottom:30px;--awb-background-color:var(--awb-color1);--awb-flex-wrap:wrap;\" ><div class=\"fusion-builder-row fusion-row fusion-flex-align-items-flex-start fusion-flex-justify-content-center fusion-flex-content-wrap\" style=\"max-width:1248px;margin-left: calc(-4% \/ 2 );margin-right: calc(-4% \/ 2 );\"><div class=\"fusion-layout-column fusion_builder_column fusion-builder-column-1 fusion_builder_column_1_1 1_1 fusion-flex-column\" style=\"--awb-bg-size:cover;--awb-width-large:100%;--awb-margin-top-large:0px;--awb-spacing-right-large:1.92%;--awb-margin-bottom-large:20px;--awb-spacing-left-large:1.92%;--awb-width-medium:100%;--awb-order-medium:0;--awb-spacing-right-medium:1.92%;--awb-spacing-left-medium:1.92%;--awb-width-small:100%;--awb-order-small:0;--awb-spacing-right-small:1.92%;--awb-spacing-left-small:1.92%;\"><div class=\"fusion-column-wrapper fusion-column-has-shadow fusion-flex-justify-content-flex-start fusion-content-layout-column\"><div class=\"fusion-title title fusion-title-2 fusion-title-center fusion-title-text fusion-title-size-two\" style=\"--awb-text-color:#000000;--awb-margin-bottom:25px;--awb-margin-top-small:0px;--awb-margin-right-small:0px;--awb-margin-bottom-small:20px;--awb-margin-left-small:0px;--awb-font-size:50px;\"><div class=\"title-sep-container title-sep-container-left\"><div class=\"title-sep sep- sep-solid\" style=\"border-color:#e0dede;\"><\/div><\/div><span class=\"awb-title-spacer\"><\/span><h2 class=\"fusion-title-heading title-heading-center fusion-responsive-typography-calculated\" style=\"margin:0;font-size:1em;--fontSize:50;line-height:0.88;\">Selbst gef\u00fchrte Touren<\/h2><span class=\"awb-title-spacer\"><\/span><div class=\"title-sep-container title-sep-container-right\"><div class=\"title-sep sep- sep-solid\" style=\"border-color:#e0dede;\"><\/div><\/div><\/div><\/div><\/div><div class=\"fusion-layout-column fusion_builder_column fusion-builder-column-2 fusion_builder_column_1_3 1_3 fusion-flex-column fusion-column-inner-bg-wrapper\" style=\"--awb-inner-bg-color:var(--awb-color1);--awb-inner-bg-color-hover:var(--awb-color1);--awb-inner-bg-size:cover;--awb-box-shadow:0px 10px 20px 0px rgba(0,0,0,0.5);;--awb-border-color:var(--awb-color4);--awb-border-style:solid;--awb-width-large:33.333333333333%;--awb-margin-top-large:0px;--awb-spacing-right-large:5.76%;--awb-margin-bottom-large:50px;--awb-spacing-left-large:5.76%;--awb-width-medium:100%;--awb-order-medium:0;--awb-spacing-right-medium:1.92%;--awb-spacing-left-medium:1.92%;--awb-width-small:100%;--awb-order-small:0;--awb-spacing-right-small:1.92%;--awb-spacing-left-small:1.92%;\" data-scroll-devices=\"small-visibility,medium-visibility,large-visibility\"><span class=\"fusion-column-inner-bg hover-type-none\"><a class=\"fusion-column-anchor\" href=\"https:\/\/www.abenteueralbanien.de\/wanderung-valbona-theth\/\" aria-label=\"WANDER TOUR THETH VALBONA BUCHEN\"><span class=\"fusion-column-inner-bg-image\"><\/span><\/a><\/span><div class=\"fusion-column-wrapper fusion-column-has-shadow fusion-flex-justify-content-flex-start fusion-content-layout-column\"><div class=\"fusion-image-element \" style=\"--awb-caption-title-font-family:var(--h2_typography-font-family);--awb-caption-title-font-weight:var(--h2_typography-font-weight);--awb-caption-title-font-style:var(--h2_typography-font-style);--awb-caption-title-size:var(--h2_typography-font-size);--awb-caption-title-transform:var(--h2_typography-text-transform);--awb-caption-title-line-height:var(--h2_typography-line-height);--awb-caption-title-letter-spacing:var(--h2_typography-letter-spacing);\"><span class=\" fusion-imageframe imageframe-none imageframe-2 hover-type-none\"><img decoding=\"async\" width=\"800\" height=\"599\" alt=\"Albanien Theth-Valbona Wanderung\" title=\"Albanien Theth-Valbona Wanderung\" src=\"https:\/\/www.abenteueralbanien.de\/wp-content\/uploads\/2025\/04\/Albanien-Reis_-Theth-Valbona-Koman-Wanderung.jpg\" data-orig-src=\"https:\/\/www.abenteueralbanien.de\/wp-content\/uploads\/2025\/04\/Albanien-Reis_-Theth-Valbona-Koman-Wanderung.jpg\" class=\"lazyload img-responsive wp-image-20886\" srcset=\"data:image\/svg+xml,%3Csvg%20xmlns%3D%27http%3A%2F%2Fwww.w3.org%2F2000%2Fsvg%27%20width%3D%27800%27%20height%3D%27599%27%20viewBox%3D%270%200%20800%20599%27%3E%3Crect%20width%3D%27800%27%20height%3D%27599%27%20fill-opacity%3D%220%22%2F%3E%3C%2Fsvg%3E\" data-srcset=\"https:\/\/www.abenteueralbanien.de\/wp-content\/uploads\/2025\/04\/Albanien-Reis_-Theth-Valbona-Koman-Wanderung-200x150.jpg 200w, https:\/\/www.abenteueralbanien.de\/wp-content\/uploads\/2025\/04\/Albanien-Reis_-Theth-Valbona-Koman-Wanderung-400x300.jpg 400w, https:\/\/www.abenteueralbanien.de\/wp-content\/uploads\/2025\/04\/Albanien-Reis_-Theth-Valbona-Koman-Wanderung-600x449.jpg 600w, https:\/\/www.abenteueralbanien.de\/wp-content\/uploads\/2025\/04\/Albanien-Reis_-Theth-Valbona-Koman-Wanderung.jpg 800w\" data-sizes=\"auto\" data-orig-sizes=\"(max-width: 1024px) 100vw, (max-width: 640px) 100vw, 400px\" \/><\/span><\/div><div class=\"fusion-reading-box-container reading-box-container-1\" style=\"--awb-title-color:#333333;--awb-margin-top:0px;--awb-margin-bottom:0px;\"><div class=\"reading-box\" style=\"background-color:var(--awb-color4);border-width:0px;border-color:#f6f6f6;border-top-width:3px;border-top-color:var(--primary_color);border-style:solid;\"><h3>Wanderung Valbona - Theth via Koman See (4 Tage)<\/h3><div class=\"reading-box-description fusion-reading-box-additional\">Entdecke den Koman-See, das Valbona-Tal, Theth und vieles mehr auf einer individuellen 4-t\u00e4gigen Tour ab Shkodra mit Unterk\u00fcnften, Transfers und Verpflegung in den Bergen.<\/div><div class=\"reading-box-additional\">\n<p style=\"text-align: right;\"><span style=\"color: #014877;\"><strong>\u20ac 190,00<\/strong><\/span><\/p>\n<\/div><div class=\"fusion-clearfix\"><\/div><\/div><\/div><div style=\"text-align:left;\"><a class=\"fusion-button button-flat button-xlarge button-custom fusion-button-default button-1 fusion-button-span-yes fusion-button-default-type\" style=\"--button_accent_color:var(--awb-color1);--button_border_color:var(--awb-color1);--button_accent_hover_color:#ffffff;--button_border_hover_color:#000000;--button_gradient_top_color:var(--awb-color6);--button_gradient_bottom_color:var(--awb-color6);--button_gradient_top_color_hover:var(--awb-custom11);--button_gradient_bottom_color_hover:var(--awb-custom11);\" target=\"_self\" title=\"WANDER TOUR VALBONA NACH THETH VIA KOMAN SEE (4 Tage, selbst gef\u00fchrt) buchen\" aria-label=\"WANDER TOUR VALBONA NACH THETH VIA KOMAN SEE (4 Tage, selbst gef\u00fchrt) buchen\" href=\"https:\/\/www.abenteueralbanien.de\/wanderung-valbona-theth\/\"><span class=\"fusion-button-text awb-button__text awb-button__text--default\">Hier Tour Buchen<\/span><\/a><\/div><\/div><\/div>\n<div class=\"fusion-layout-column fusion_builder_column fusion-builder-column-3 fusion_builder_column_1_3 1_3 fusion-flex-column fusion-column-inner-bg-wrapper\" style=\"--awb-inner-bg-color:var(--awb-color1);--awb-inner-bg-color-hover:var(--awb-color1);--awb-inner-bg-size:cover;--awb-box-shadow:0px 10px 20px 0px rgba(0,0,0,0.5);;--awb-border-color:var(--awb-color4);--awb-border-style:solid;--awb-width-large:33.333333333333%;--awb-margin-top-large:0px;--awb-spacing-right-large:5.76%;--awb-margin-bottom-large:50px;--awb-spacing-left-large:5.76%;--awb-width-medium:100%;--awb-order-medium:0;--awb-spacing-right-medium:1.92%;--awb-spacing-left-medium:1.92%;--awb-width-small:100%;--awb-order-small:0;--awb-spacing-right-small:1.92%;--awb-spacing-left-small:1.92%;\" data-scroll-devices=\"small-visibility,medium-visibility,large-visibility\"><span class=\"fusion-column-inner-bg hover-type-none\"><a class=\"fusion-column-anchor\" href=\"https:\/\/www.abenteueralbanien.de\/peaks-of-the-balkans-6-tage\/\" rel=\"noopener noreferrer\" target=\"_blank\" aria-label=\"Peaks of the Balkans Wander Tour 6 Tage Buchen\"><span class=\"fusion-column-inner-bg-image\"><\/span><\/a><\/span><div class=\"fusion-column-wrapper fusion-column-has-shadow fusion-flex-justify-content-flex-start fusion-content-layout-column\"><div class=\"fusion-image-element \" style=\"--awb-caption-title-font-family:var(--h2_typography-font-family);--awb-caption-title-font-weight:var(--h2_typography-font-weight);--awb-caption-title-font-style:var(--h2_typography-font-style);--awb-caption-title-size:var(--h2_typography-font-size);--awb-caption-title-transform:var(--h2_typography-text-transform);--awb-caption-title-line-height:var(--h2_typography-line-height);--awb-caption-title-letter-spacing:var(--h2_typography-letter-spacing);\"><span class=\" fusion-imageframe imageframe-none imageframe-3 hover-type-none\"><img decoding=\"async\" width=\"800\" height=\"600\" alt=\"Peaks of the Balkans 6 Tage Tour Wanderung Albanien\" title=\"Peaks of the Balkans 6 Tage Wanderung Albanien\" src=\"https:\/\/www.abenteueralbanien.de\/wp-content\/uploads\/2026\/02\/Peaks-of-the-Balkans-6-Tage-Wanderung-Mehrtagestour.webp\" data-orig-src=\"https:\/\/www.abenteueralbanien.de\/wp-content\/uploads\/2026\/02\/Peaks-of-the-Balkans-6-Tage-Wanderung-Mehrtagestour.webp\" class=\"lazyload img-responsive wp-image-23265\" srcset=\"data:image\/svg+xml,%3Csvg%20xmlns%3D%27http%3A%2F%2Fwww.w3.org%2F2000%2Fsvg%27%20width%3D%27800%27%20height%3D%27600%27%20viewBox%3D%270%200%20800%20600%27%3E%3Crect%20width%3D%27800%27%20height%3D%27600%27%20fill-opacity%3D%220%22%2F%3E%3C%2Fsvg%3E\" data-srcset=\"https:\/\/www.abenteueralbanien.de\/wp-content\/uploads\/2026\/02\/Peaks-of-the-Balkans-6-Tage-Wanderung-Mehrtagestour-200x150.webp 200w, https:\/\/www.abenteueralbanien.de\/wp-content\/uploads\/2026\/02\/Peaks-of-the-Balkans-6-Tage-Wanderung-Mehrtagestour-400x300.webp 400w, https:\/\/www.abenteueralbanien.de\/wp-content\/uploads\/2026\/02\/Peaks-of-the-Balkans-6-Tage-Wanderung-Mehrtagestour-600x450.webp 600w, https:\/\/www.abenteueralbanien.de\/wp-content\/uploads\/2026\/02\/Peaks-of-the-Balkans-6-Tage-Wanderung-Mehrtagestour.webp 800w\" data-sizes=\"auto\" data-orig-sizes=\"(max-width: 1024px) 100vw, (max-width: 640px) 100vw, 400px\" \/><\/span><\/div><div class=\"fusion-reading-box-container reading-box-container-2\" style=\"--awb-title-color:#333333;--awb-margin-top:0px;--awb-margin-bottom:0px;\"><div class=\"reading-box\" style=\"background-color:var(--awb-color4);border-width:0px;border-color:#f6f6f6;border-top-width:3px;border-top-color:var(--primary_color);border-style:solid;\"><h3>Peaks of the Balkans Wanderung (6 Tage)<\/h3><div class=\"reading-box-description fusion-reading-box-additional\">Die Gipfel des Balkans auf eigene Faust erkunden, mit GPS-Dateien und Routenbeschreibung, allen Transfers, Unterkunft im PRIVATZIMMER und Verpflegung in den Bergen.<\/div><div class=\"reading-box-additional\">\n<p style=\"text-align: right;\"><span style=\"color: #014877;\"><strong>ab \u20ac 540,00<\/strong><\/span><\/p>\n<\/div><div class=\"fusion-clearfix\"><\/div><\/div><\/div><div style=\"text-align:left;\"><a class=\"fusion-button button-flat button-xlarge button-custom fusion-button-default button-2 fusion-button-span-yes fusion-button-default-type\" style=\"--button_accent_color:var(--awb-color1);--button_border_color:var(--awb-color1);--button_accent_hover_color:#ffffff;--button_border_hover_color:#000000;--button_gradient_top_color:var(--awb-color6);--button_gradient_bottom_color:var(--awb-color6);--button_gradient_top_color_hover:var(--awb-custom11);--button_gradient_bottom_color_hover:var(--awb-custom11);\" target=\"_blank\" rel=\"noopener noreferrer\" title=\"Peaks of the Balkans Wander Tour 6 Tage Buchen\" aria-label=\"Peaks of the Balkans Wander Tour 6 Tage Buchen\" href=\"https:\/\/www.abenteueralbanien.de\/peaks-of-the-balkans-6-tage\/\"><span class=\"fusion-button-text awb-button__text awb-button__text--default\">Hier Tour Buchen<\/span><\/a><\/div><\/div><\/div>\n<div class=\"fusion-layout-column fusion_builder_column fusion-builder-column-4 fusion_builder_column_1_3 1_3 fusion-flex-column fusion-column-inner-bg-wrapper\" style=\"--awb-inner-bg-color:var(--awb-color1);--awb-inner-bg-color-hover:var(--awb-color1);--awb-inner-bg-size:cover;--awb-box-shadow:0px 10px 20px 0px rgba(0,0,0,0.5);;--awb-border-color:var(--awb-color4);--awb-border-style:solid;--awb-width-large:33.333333333333%;--awb-margin-top-large:0px;--awb-spacing-right-large:5.76%;--awb-margin-bottom-large:50px;--awb-spacing-left-large:5.76%;--awb-width-medium:100%;--awb-order-medium:0;--awb-spacing-right-medium:1.92%;--awb-spacing-left-medium:1.92%;--awb-width-small:100%;--awb-order-small:0;--awb-spacing-right-small:1.92%;--awb-spacing-left-small:1.92%;\" data-scroll-devices=\"small-visibility,medium-visibility,large-visibility\"><span class=\"fusion-column-inner-bg hover-type-none\"><a class=\"fusion-column-anchor\" href=\"https:\/\/www.abenteueralbanien.de\/individualreisen\/albanien-rundreise-auf-eigene-faust\/\" aria-label=\"Mietwagen Rundreise \u2013 Albanien auf eigene Faust (14 Tage)\"><span class=\"fusion-column-inner-bg-image\"><\/span><\/a><\/span><div class=\"fusion-column-wrapper fusion-column-has-shadow fusion-flex-justify-content-flex-start fusion-content-layout-column\"><div class=\"fusion-image-element \" style=\"--awb-caption-title-font-family:var(--h2_typography-font-family);--awb-caption-title-font-weight:var(--h2_typography-font-weight);--awb-caption-title-font-style:var(--h2_typography-font-style);--awb-caption-title-size:var(--h2_typography-font-size);--awb-caption-title-transform:var(--h2_typography-text-transform);--awb-caption-title-line-height:var(--h2_typography-line-height);--awb-caption-title-letter-spacing:var(--h2_typography-letter-spacing);\"><span class=\" fusion-imageframe imageframe-none imageframe-4 hover-type-none\"><img decoding=\"async\" width=\"600\" height=\"450\" alt=\"Albanien Rundreise auf eigene Faust mit dem Mietwagen\" title=\"Albanien Rundreise auf eigene Faust mit dem Mietwagen\" src=\"https:\/\/www.abenteueralbanien.de\/wp-content\/uploads\/2025\/04\/Albanien-Rundreise-auf-eigene-Faust-mit-dem-Mietwagen-durch-die-Strassen.jpg\" data-orig-src=\"https:\/\/www.abenteueralbanien.de\/wp-content\/uploads\/2025\/04\/Albanien-Rundreise-auf-eigene-Faust-mit-dem-Mietwagen-durch-die-Strassen.jpg\" class=\"lazyload img-responsive wp-image-20884\" srcset=\"data:image\/svg+xml,%3Csvg%20xmlns%3D%27http%3A%2F%2Fwww.w3.org%2F2000%2Fsvg%27%20width%3D%27600%27%20height%3D%27450%27%20viewBox%3D%270%200%20600%20450%27%3E%3Crect%20width%3D%27600%27%20height%3D%27450%27%20fill-opacity%3D%220%22%2F%3E%3C%2Fsvg%3E\" data-srcset=\"https:\/\/www.abenteueralbanien.de\/wp-content\/uploads\/2025\/04\/Albanien-Rundreise-auf-eigene-Faust-mit-dem-Mietwagen-durch-die-Strassen-200x150.jpg 200w, https:\/\/www.abenteueralbanien.de\/wp-content\/uploads\/2025\/04\/Albanien-Rundreise-auf-eigene-Faust-mit-dem-Mietwagen-durch-die-Strassen-400x300.jpg 400w, https:\/\/www.abenteueralbanien.de\/wp-content\/uploads\/2025\/04\/Albanien-Rundreise-auf-eigene-Faust-mit-dem-Mietwagen-durch-die-Strassen.jpg 600w\" data-sizes=\"auto\" data-orig-sizes=\"(max-width: 1024px) 100vw, (max-width: 640px) 100vw, 400px\" \/><\/span><\/div><div class=\"fusion-reading-box-container reading-box-container-3\" style=\"--awb-title-color:#333333;--awb-margin-top:0px;--awb-margin-bottom:0px;\"><div class=\"reading-box\" style=\"background-color:var(--awb-color4);border-width:0px;border-color:#f6f6f6;border-top-width:3px;border-top-color:var(--primary_color);border-style:solid;\"><h3>Mietwagen Rundreise \u2013 Albanien auf eigene Faust (ab 12 Tage)\n<\/h3><div class=\"reading-box-description fusion-reading-box-additional\">Individuelle Selbstfahrer Rundreise mit dem Mietwagen: H\u00f6hepunkte Albaniens wie Tirana \u2013 UNESCO Weltkulturerbestadt Berat \u2013 Gjirokaster \u2013 Saranda & Blue Eye - Burtint \u2013 Badeurlaub \u2013 Durres ...<\/div><div class=\"reading-box-additional\">\n<p style=\"text-align: right;\"><span style=\"color: #014877;\"><strong>\u00a0ab \u20ac 1080,00<\/strong><\/span><\/p>\n<\/div><div class=\"fusion-clearfix\"><\/div><\/div><\/div><div style=\"text-align:left;\"><a class=\"fusion-button button-flat button-xlarge button-custom fusion-button-default button-3 fusion-button-span-yes fusion-button-default-type\" style=\"--button_accent_color:var(--awb-color1);--button_border_color:var(--awb-color1);--button_accent_hover_color:#ffffff;--button_border_hover_color:#000000;--button_gradient_top_color:var(--awb-color6);--button_gradient_bottom_color:var(--awb-color6);--button_gradient_top_color_hover:var(--awb-custom11);--button_gradient_bottom_color_hover:var(--awb-custom11);\" target=\"_blank\" rel=\"noopener noreferrer\" title=\"Selbstfahrer Mietwagen Rundreise \u2013 Albanien auf eigene Faust (14 Tage)\" aria-label=\"Selbstfahrer Mietwagen Rundreise \u2013 Albanien auf eigene Faust (14 Tage)\" href=\"https:\/\/www.abenteueralbanien.de\/individualreisen\/albanien-rundreise-auf-eigene-faust\/\"><span class=\"fusion-button-text awb-button__text awb-button__text--default\">Hier geht\u2019s zur Tour<\/span><\/a><\/div><\/div><\/div>\n<div class=\"fusion-layout-column fusion_builder_column fusion-builder-column-5 fusion_builder_column_1_1 1_1 fusion-flex-column\" style=\"--awb-bg-size:cover;--awb-width-large:100%;--awb-margin-top-large:0px;--awb-spacing-right-large:1.92%;--awb-margin-bottom-large:20px;--awb-spacing-left-large:1.92%;--awb-width-medium:100%;--awb-order-medium:0;--awb-spacing-right-medium:1.92%;--awb-spacing-left-medium:1.92%;--awb-width-small:100%;--awb-order-small:0;--awb-spacing-right-small:1.92%;--awb-spacing-left-small:1.92%;\"><div class=\"fusion-column-wrapper fusion-column-has-shadow fusion-flex-justify-content-flex-start fusion-content-layout-column\"><div class=\"fusion-separator fusion-full-width-sep\" style=\"align-self: center;margin-left: auto;margin-right: auto;margin-top:50px;margin-bottom:35px;width:100%;\"><div class=\"fusion-separator-border sep-double\" style=\"--awb-height:20px;--awb-amount:20px;border-color:#e0dede;border-top-width:1px;border-bottom-width:1px;\"><\/div><\/div><\/div><\/div><\/div><\/div><div class=\"fusion-fullwidth fullwidth-box fusion-builder-row-3 fusion-flex-container has-pattern-background has-mask-background nonhundred-percent-fullwidth non-hundred-percent-height-scrolling\" style=\"--awb-border-radius-top-left:0px;--awb-border-radius-top-right:0px;--awb-border-radius-bottom-right:0px;--awb-border-radius-bottom-left:0px;--awb-flex-wrap:wrap;\" ><div class=\"fusion-builder-row fusion-row fusion-flex-align-items-flex-start fusion-flex-content-wrap\" style=\"max-width:1248px;margin-left: calc(-4% \/ 2 );margin-right: calc(-4% \/ 2 );\"><div class=\"fusion-layout-column fusion_builder_column fusion-builder-column-6 fusion_builder_column_1_1 1_1 fusion-flex-column\" style=\"--awb-bg-size:cover;--awb-width-large:100%;--awb-margin-top-large:0px;--awb-spacing-right-large:1.92%;--awb-margin-bottom-large:20px;--awb-spacing-left-large:1.92%;--awb-width-medium:100%;--awb-order-medium:0;--awb-spacing-right-medium:1.92%;--awb-spacing-left-medium:1.92%;--awb-width-small:100%;--awb-order-small:0;--awb-spacing-right-small:1.92%;--awb-spacing-left-small:1.92%;\"><div class=\"fusion-column-wrapper fusion-column-has-shadow fusion-flex-justify-content-flex-start fusion-content-layout-column\"><div class=\"awb-gallery-wrapper awb-gallery-wrapper-1 button-span-no\"><div style=\"margin:-5px;--awb-bordersize:0px;\" class=\"fusion-gallery fusion-gallery-container fusion-grid-3 fusion-columns-total-14 fusion-gallery-layout-grid fusion-gallery-1\"><div style=\"padding:5px;\" class=\"fusion-grid-column fusion-gallery-column fusion-gallery-column-3 hover-type-none\"><div class=\"fusion-gallery-image\"><a href=\"https:\/\/www.abenteueralbanien.de\/wp-content\/uploads\/2022\/02\/AlbanienReiseSuedalbanien-1-81-scaled.jpg\" rel=\"noreferrer\" data-rel=\"iLightbox[gallery_image_1]\" class=\"fusion-lightbox\" target=\"_self\"><img decoding=\"async\" src=\"https:\/\/www.abenteueralbanien.de\/wp-content\/uploads\/2022\/02\/AlbanienReiseSuedalbanien-1-81-scaled.jpg\" data-orig-src=\"https:\/\/www.abenteueralbanien.de\/wp-content\/uploads\/2022\/02\/AlbanienReiseSuedalbanien-1-81-scaled.jpg\" width=\"2048\" height=\"1536\" alt=\"Blick aufs Meer vom Llogara Pass aus (Winter)\" title=\"Blick aufs Meer vom Llogara Pass aus\" aria-label=\"Blick aufs Meer vom Llogara Pass aus\" class=\"lazyload img-responsive wp-image-4709\" srcset=\"data:image\/svg+xml,%3Csvg%20xmlns%3D%27http%3A%2F%2Fwww.w3.org%2F2000%2Fsvg%27%20width%3D%272048%27%20height%3D%271536%27%20viewBox%3D%270%200%202048%201536%27%3E%3Crect%20width%3D%272048%27%20height%3D%271536%27%20fill-opacity%3D%220%22%2F%3E%3C%2Fsvg%3E\" data-srcset=\"https:\/\/www.abenteueralbanien.de\/wp-content\/uploads\/2022\/02\/AlbanienReiseSuedalbanien-1-81-200x150.jpg 200w, https:\/\/www.abenteueralbanien.de\/wp-content\/uploads\/2022\/02\/AlbanienReiseSuedalbanien-1-81-400x300.jpg 400w, https:\/\/www.abenteueralbanien.de\/wp-content\/uploads\/2022\/02\/AlbanienReiseSuedalbanien-1-81-600x450.jpg 600w, https:\/\/www.abenteueralbanien.de\/wp-content\/uploads\/2022\/02\/AlbanienReiseSuedalbanien-1-81-800x600.jpg 800w, https:\/\/www.abenteueralbanien.de\/wp-content\/uploads\/2022\/02\/AlbanienReiseSuedalbanien-1-81-1200x900.jpg 1200w, https:\/\/www.abenteueralbanien.de\/wp-content\/uploads\/2022\/02\/AlbanienReiseSuedalbanien-1-81-scaled.jpg 2048w\" data-sizes=\"auto\" data-orig-sizes=\"(min-width: 2200px) 100vw, (min-width: 824px) 397px, (min-width: 732px) 595px, (min-width: 640px) 732px, \" \/><\/a><\/div><\/div><div style=\"padding:5px;\" class=\"fusion-grid-column fusion-gallery-column fusion-gallery-column-3 hover-type-none\"><div class=\"fusion-gallery-image\"><a href=\"https:\/\/www.abenteueralbanien.de\/wp-content\/uploads\/2022\/02\/vitalie-sitnic-eak_nXuKmt4-unsplash-scaled.jpg\" rel=\"noreferrer\" data-rel=\"iLightbox[gallery_image_1]\" class=\"fusion-lightbox\" target=\"_self\"><img decoding=\"async\" src=\"https:\/\/www.abenteueralbanien.de\/wp-content\/uploads\/2022\/02\/vitalie-sitnic-eak_nXuKmt4-unsplash-scaled.jpg\" data-orig-src=\"https:\/\/www.abenteueralbanien.de\/wp-content\/uploads\/2022\/02\/vitalie-sitnic-eak_nXuKmt4-unsplash-scaled.jpg\" width=\"2048\" height=\"1365\" alt=\"Meeresfr\u00fcchte Platte Albanisches Essen\" title=\"Albanien-Reise,Abenteuer-Albanien,Wandern,Berge,Meer,KulturKulinarik,Riviera\" aria-label=\"Albanien-Reise,Abenteuer-Albanien,Wandern,Berge,Meer,KulturKulinarik,Riviera\" class=\"lazyload img-responsive wp-image-4710\" srcset=\"data:image\/svg+xml,%3Csvg%20xmlns%3D%27http%3A%2F%2Fwww.w3.org%2F2000%2Fsvg%27%20width%3D%272048%27%20height%3D%271365%27%20viewBox%3D%270%200%202048%201365%27%3E%3Crect%20width%3D%272048%27%20height%3D%271365%27%20fill-opacity%3D%220%22%2F%3E%3C%2Fsvg%3E\" data-srcset=\"https:\/\/www.abenteueralbanien.de\/wp-content\/uploads\/2022\/02\/vitalie-sitnic-eak_nXuKmt4-unsplash-200x133.jpg 200w, https:\/\/www.abenteueralbanien.de\/wp-content\/uploads\/2022\/02\/vitalie-sitnic-eak_nXuKmt4-unsplash-400x267.jpg 400w, https:\/\/www.abenteueralbanien.de\/wp-content\/uploads\/2022\/02\/vitalie-sitnic-eak_nXuKmt4-unsplash-600x400.jpg 600w, https:\/\/www.abenteueralbanien.de\/wp-content\/uploads\/2022\/02\/vitalie-sitnic-eak_nXuKmt4-unsplash-800x533.jpg 800w, https:\/\/www.abenteueralbanien.de\/wp-content\/uploads\/2022\/02\/vitalie-sitnic-eak_nXuKmt4-unsplash-1200x800.jpg 1200w, https:\/\/www.abenteueralbanien.de\/wp-content\/uploads\/2022\/02\/vitalie-sitnic-eak_nXuKmt4-unsplash-scaled.jpg 2048w\" data-sizes=\"auto\" data-orig-sizes=\"(min-width: 2200px) 100vw, (min-width: 824px) 397px, (min-width: 732px) 595px, (min-width: 640px) 732px, \" \/><\/a><\/div><\/div><div style=\"padding:5px;\" class=\"fusion-grid-column fusion-gallery-column fusion-gallery-column-3 hover-type-none\"><div class=\"fusion-gallery-image\"><a rel=\"noreferrer\" data-rel=\"iLightbox[gallery_image_1]\" class=\"fusion-lightbox\" target=\"_self\"><img decoding=\"async\" src=\"data:image\/gif;base64,R0lGODlhAQABAAAAACH5BAEKAAEALAAAAAABAAEAAAICTAEAOw==\" data-orig-src=\"\" width=\"\" height=\"\" alt=\"\" title=\"\" aria-label=\"\" class=\"lazyload img-responsive wp-image-4647\"  \/><\/a><\/div><\/div><div class=\"clearfix\"><\/div><div style=\"padding:5px;\" class=\"fusion-grid-column fusion-gallery-column fusion-gallery-column-3 hover-type-none\"><div class=\"fusion-gallery-image\"><a href=\"https:\/\/www.abenteueralbanien.de\/wp-content\/uploads\/2022\/02\/Abenteuer_Albanien-1-146.jpg\" rel=\"noreferrer\" data-rel=\"iLightbox[gallery_image_1]\" class=\"fusion-lightbox\" target=\"_self\"><img decoding=\"async\" src=\"https:\/\/www.abenteueralbanien.de\/wp-content\/uploads\/2022\/02\/Abenteuer_Albanien-1-146.jpg\" data-orig-src=\"https:\/\/www.abenteueralbanien.de\/wp-content\/uploads\/2022\/02\/Abenteuer_Albanien-1-146.jpg\" width=\"1672\" height=\"1254\" alt=\"S\u00fcdalbanien, Gjirokaster\" title=\"S\u00fcdalbanien, Gjirokaster\" aria-label=\"S\u00fcdalbanien, Gjirokaster\" class=\"lazyload img-responsive wp-image-4646\" srcset=\"data:image\/svg+xml,%3Csvg%20xmlns%3D%27http%3A%2F%2Fwww.w3.org%2F2000%2Fsvg%27%20width%3D%271672%27%20height%3D%271254%27%20viewBox%3D%270%200%201672%201254%27%3E%3Crect%20width%3D%271672%27%20height%3D%271254%27%20fill-opacity%3D%220%22%2F%3E%3C%2Fsvg%3E\" data-srcset=\"https:\/\/www.abenteueralbanien.de\/wp-content\/uploads\/2022\/02\/Abenteuer_Albanien-1-146-200x150.jpg 200w, https:\/\/www.abenteueralbanien.de\/wp-content\/uploads\/2022\/02\/Abenteuer_Albanien-1-146-400x300.jpg 400w, https:\/\/www.abenteueralbanien.de\/wp-content\/uploads\/2022\/02\/Abenteuer_Albanien-1-146-600x450.jpg 600w, https:\/\/www.abenteueralbanien.de\/wp-content\/uploads\/2022\/02\/Abenteuer_Albanien-1-146-800x600.jpg 800w, https:\/\/www.abenteueralbanien.de\/wp-content\/uploads\/2022\/02\/Abenteuer_Albanien-1-146-1200x900.jpg 1200w, https:\/\/www.abenteueralbanien.de\/wp-content\/uploads\/2022\/02\/Abenteuer_Albanien-1-146.jpg 1672w\" data-sizes=\"auto\" data-orig-sizes=\"(min-width: 2200px) 100vw, (min-width: 824px) 397px, (min-width: 732px) 595px, (min-width: 640px) 732px, \" \/><\/a><\/div><\/div><div style=\"padding:5px;\" class=\"fusion-grid-column fusion-gallery-column fusion-gallery-column-3 hover-type-none\"><div class=\"fusion-gallery-image\"><a href=\"https:\/\/www.abenteueralbanien.de\/wp-content\/uploads\/2022\/02\/AlbanienReiseSuedalbanien-1-10-scaled.jpg\" rel=\"noreferrer\" data-rel=\"iLightbox[gallery_image_1]\" class=\"fusion-lightbox\" target=\"_self\"><img decoding=\"async\" src=\"https:\/\/www.abenteueralbanien.de\/wp-content\/uploads\/2022\/02\/AlbanienReiseSuedalbanien-1-10-scaled.jpg\" data-orig-src=\"https:\/\/www.abenteueralbanien.de\/wp-content\/uploads\/2022\/02\/AlbanienReiseSuedalbanien-1-10-scaled.jpg\" width=\"2048\" height=\"1536\" alt=\"Stadt Permet S\u00fcdalbanien\" title=\"Stadt Permet S\u00fcdalbanien\" aria-label=\"Stadt Permet S\u00fcdalbanien\" class=\"lazyload img-responsive wp-image-4536\" srcset=\"data:image\/svg+xml,%3Csvg%20xmlns%3D%27http%3A%2F%2Fwww.w3.org%2F2000%2Fsvg%27%20width%3D%272048%27%20height%3D%271536%27%20viewBox%3D%270%200%202048%201536%27%3E%3Crect%20width%3D%272048%27%20height%3D%271536%27%20fill-opacity%3D%220%22%2F%3E%3C%2Fsvg%3E\" data-srcset=\"https:\/\/www.abenteueralbanien.de\/wp-content\/uploads\/2022\/02\/AlbanienReiseSuedalbanien-1-10-200x150.jpg 200w, https:\/\/www.abenteueralbanien.de\/wp-content\/uploads\/2022\/02\/AlbanienReiseSuedalbanien-1-10-400x300.jpg 400w, https:\/\/www.abenteueralbanien.de\/wp-content\/uploads\/2022\/02\/AlbanienReiseSuedalbanien-1-10-600x450.jpg 600w, https:\/\/www.abenteueralbanien.de\/wp-content\/uploads\/2022\/02\/AlbanienReiseSuedalbanien-1-10-800x600.jpg 800w, https:\/\/www.abenteueralbanien.de\/wp-content\/uploads\/2022\/02\/AlbanienReiseSuedalbanien-1-10-1200x900.jpg 1200w, https:\/\/www.abenteueralbanien.de\/wp-content\/uploads\/2022\/02\/AlbanienReiseSuedalbanien-1-10-scaled.jpg 2048w\" data-sizes=\"auto\" data-orig-sizes=\"(min-width: 2200px) 100vw, (min-width: 824px) 397px, (min-width: 732px) 595px, (min-width: 640px) 732px, \" \/><\/a><\/div><\/div><div style=\"padding:5px;\" class=\"fusion-grid-column fusion-gallery-column fusion-gallery-column-3 hover-type-none\"><div class=\"fusion-gallery-image\"><a href=\"https:\/\/www.abenteueralbanien.de\/wp-content\/uploads\/2022\/02\/Abenteuer_Albanien-1-511-scaled.jpg\" rel=\"noreferrer\" data-rel=\"iLightbox[gallery_image_1]\" class=\"fusion-lightbox\" target=\"_self\"><img decoding=\"async\" src=\"https:\/\/www.abenteueralbanien.de\/wp-content\/uploads\/2022\/02\/Abenteuer_Albanien-1-511-scaled.jpg\" data-orig-src=\"https:\/\/www.abenteueralbanien.de\/wp-content\/uploads\/2022\/02\/Abenteuer_Albanien-1-511-scaled.jpg\" width=\"2048\" height=\"1536\" alt=\"Einsamer Strand Albanien\" title=\"Albanien Str\u00e4nde &#8211; Gjipe Beach\" aria-label=\"Albanien Str\u00e4nde &#8211; Gjipe Beach\" class=\"lazyload img-responsive wp-image-4541\" srcset=\"data:image\/svg+xml,%3Csvg%20xmlns%3D%27http%3A%2F%2Fwww.w3.org%2F2000%2Fsvg%27%20width%3D%272048%27%20height%3D%271536%27%20viewBox%3D%270%200%202048%201536%27%3E%3Crect%20width%3D%272048%27%20height%3D%271536%27%20fill-opacity%3D%220%22%2F%3E%3C%2Fsvg%3E\" data-srcset=\"https:\/\/www.abenteueralbanien.de\/wp-content\/uploads\/2022\/02\/Abenteuer_Albanien-1-511-200x150.jpg 200w, https:\/\/www.abenteueralbanien.de\/wp-content\/uploads\/2022\/02\/Abenteuer_Albanien-1-511-400x300.jpg 400w, https:\/\/www.abenteueralbanien.de\/wp-content\/uploads\/2022\/02\/Abenteuer_Albanien-1-511-600x450.jpg 600w, https:\/\/www.abenteueralbanien.de\/wp-content\/uploads\/2022\/02\/Abenteuer_Albanien-1-511-800x600.jpg 800w, https:\/\/www.abenteueralbanien.de\/wp-content\/uploads\/2022\/02\/Abenteuer_Albanien-1-511-1200x900.jpg 1200w, https:\/\/www.abenteueralbanien.de\/wp-content\/uploads\/2022\/02\/Abenteuer_Albanien-1-511-scaled.jpg 2048w\" data-sizes=\"auto\" data-orig-sizes=\"(min-width: 2200px) 100vw, (min-width: 824px) 397px, (min-width: 732px) 595px, (min-width: 640px) 732px, \" \/><\/a><\/div><\/div><div class=\"clearfix\"><\/div><div style=\"padding:5px;\" class=\"fusion-grid-column fusion-gallery-column fusion-gallery-column-3 hover-type-none\"><div class=\"fusion-gallery-image\"><a href=\"https:\/\/www.abenteueralbanien.de\/wp-content\/uploads\/2022\/02\/AlbanienReiseSuedalbanien-1-48-scaled.jpg\" rel=\"noreferrer\" data-rel=\"iLightbox[gallery_image_1]\" class=\"fusion-lightbox\" target=\"_self\"><img decoding=\"async\" src=\"https:\/\/www.abenteueralbanien.de\/wp-content\/uploads\/2022\/02\/AlbanienReiseSuedalbanien-1-48-scaled.jpg\" data-orig-src=\"https:\/\/www.abenteueralbanien.de\/wp-content\/uploads\/2022\/02\/AlbanienReiseSuedalbanien-1-48-scaled.jpg\" width=\"2048\" height=\"1536\" alt=\"Palmen an der Promenade von Saranda\" title=\"promenade Saranda mit palmen\" aria-label=\"promenade Saranda mit palmen\" class=\"lazyload img-responsive wp-image-4530\" srcset=\"data:image\/svg+xml,%3Csvg%20xmlns%3D%27http%3A%2F%2Fwww.w3.org%2F2000%2Fsvg%27%20width%3D%272048%27%20height%3D%271536%27%20viewBox%3D%270%200%202048%201536%27%3E%3Crect%20width%3D%272048%27%20height%3D%271536%27%20fill-opacity%3D%220%22%2F%3E%3C%2Fsvg%3E\" data-srcset=\"https:\/\/www.abenteueralbanien.de\/wp-content\/uploads\/2022\/02\/AlbanienReiseSuedalbanien-1-48-200x150.jpg 200w, https:\/\/www.abenteueralbanien.de\/wp-content\/uploads\/2022\/02\/AlbanienReiseSuedalbanien-1-48-400x300.jpg 400w, https:\/\/www.abenteueralbanien.de\/wp-content\/uploads\/2022\/02\/AlbanienReiseSuedalbanien-1-48-600x450.jpg 600w, https:\/\/www.abenteueralbanien.de\/wp-content\/uploads\/2022\/02\/AlbanienReiseSuedalbanien-1-48-800x600.jpg 800w, https:\/\/www.abenteueralbanien.de\/wp-content\/uploads\/2022\/02\/AlbanienReiseSuedalbanien-1-48-1200x900.jpg 1200w, https:\/\/www.abenteueralbanien.de\/wp-content\/uploads\/2022\/02\/AlbanienReiseSuedalbanien-1-48-scaled.jpg 2048w\" data-sizes=\"auto\" data-orig-sizes=\"(min-width: 2200px) 100vw, (min-width: 824px) 397px, (min-width: 732px) 595px, (min-width: 640px) 732px, \" \/><\/a><\/div><\/div><div style=\"padding:5px;\" class=\"fusion-grid-column fusion-gallery-column fusion-gallery-column-3 hover-type-none\"><div class=\"fusion-gallery-image\"><a href=\"https:\/\/www.abenteueralbanien.de\/wp-content\/uploads\/2022\/02\/AlbanienReiseSuedalbanien-1-25-scaled.jpg\" rel=\"noreferrer\" data-rel=\"iLightbox[gallery_image_1]\" class=\"fusion-lightbox\" target=\"_self\"><img decoding=\"async\" src=\"https:\/\/www.abenteueralbanien.de\/wp-content\/uploads\/2022\/02\/AlbanienReiseSuedalbanien-1-25-scaled.jpg\" data-orig-src=\"https:\/\/www.abenteueralbanien.de\/wp-content\/uploads\/2022\/02\/AlbanienReiseSuedalbanien-1-25-scaled.jpg\" width=\"2048\" height=\"1536\" alt=\"Osmanische Br\u00fccke\" title=\"Osmanische Br\u00fccke\" aria-label=\"Osmanische Br\u00fccke\" class=\"lazyload img-responsive wp-image-4528\" srcset=\"data:image\/svg+xml,%3Csvg%20xmlns%3D%27http%3A%2F%2Fwww.w3.org%2F2000%2Fsvg%27%20width%3D%272048%27%20height%3D%271536%27%20viewBox%3D%270%200%202048%201536%27%3E%3Crect%20width%3D%272048%27%20height%3D%271536%27%20fill-opacity%3D%220%22%2F%3E%3C%2Fsvg%3E\" data-srcset=\"https:\/\/www.abenteueralbanien.de\/wp-content\/uploads\/2022\/02\/AlbanienReiseSuedalbanien-1-25-200x150.jpg 200w, https:\/\/www.abenteueralbanien.de\/wp-content\/uploads\/2022\/02\/AlbanienReiseSuedalbanien-1-25-400x300.jpg 400w, https:\/\/www.abenteueralbanien.de\/wp-content\/uploads\/2022\/02\/AlbanienReiseSuedalbanien-1-25-600x450.jpg 600w, https:\/\/www.abenteueralbanien.de\/wp-content\/uploads\/2022\/02\/AlbanienReiseSuedalbanien-1-25-800x600.jpg 800w, https:\/\/www.abenteueralbanien.de\/wp-content\/uploads\/2022\/02\/AlbanienReiseSuedalbanien-1-25-1200x900.jpg 1200w, https:\/\/www.abenteueralbanien.de\/wp-content\/uploads\/2022\/02\/AlbanienReiseSuedalbanien-1-25-scaled.jpg 2048w\" data-sizes=\"auto\" data-orig-sizes=\"(min-width: 2200px) 100vw, (min-width: 824px) 397px, (min-width: 732px) 595px, (min-width: 640px) 732px, \" \/><\/a><\/div><\/div><div style=\"padding:5px;\" class=\"fusion-grid-column fusion-gallery-column fusion-gallery-column-3 hover-type-none\"><div class=\"fusion-gallery-image\"><a href=\"https:\/\/www.abenteueralbanien.de\/wp-content\/uploads\/2022\/02\/AlbanienReiseSuedalbanien-1-20-scaled.jpg\" rel=\"noreferrer\" data-rel=\"iLightbox[gallery_image_1]\" class=\"fusion-lightbox\" target=\"_self\"><img decoding=\"async\" src=\"https:\/\/www.abenteueralbanien.de\/wp-content\/uploads\/2022\/02\/AlbanienReiseSuedalbanien-1-20-scaled.jpg\" data-orig-src=\"https:\/\/www.abenteueralbanien.de\/wp-content\/uploads\/2022\/02\/AlbanienReiseSuedalbanien-1-20-scaled.jpg\" width=\"2048\" height=\"1536\" alt=\"Fresco in alter Kirche\" title=\"Fresco in alter Kirche Permet Leusa\" aria-label=\"Fresco in alter Kirche Permet Leusa\" class=\"lazyload img-responsive wp-image-4527\" srcset=\"data:image\/svg+xml,%3Csvg%20xmlns%3D%27http%3A%2F%2Fwww.w3.org%2F2000%2Fsvg%27%20width%3D%272048%27%20height%3D%271536%27%20viewBox%3D%270%200%202048%201536%27%3E%3Crect%20width%3D%272048%27%20height%3D%271536%27%20fill-opacity%3D%220%22%2F%3E%3C%2Fsvg%3E\" data-srcset=\"https:\/\/www.abenteueralbanien.de\/wp-content\/uploads\/2022\/02\/AlbanienReiseSuedalbanien-1-20-200x150.jpg 200w, https:\/\/www.abenteueralbanien.de\/wp-content\/uploads\/2022\/02\/AlbanienReiseSuedalbanien-1-20-400x300.jpg 400w, https:\/\/www.abenteueralbanien.de\/wp-content\/uploads\/2022\/02\/AlbanienReiseSuedalbanien-1-20-600x450.jpg 600w, https:\/\/www.abenteueralbanien.de\/wp-content\/uploads\/2022\/02\/AlbanienReiseSuedalbanien-1-20-800x600.jpg 800w, https:\/\/www.abenteueralbanien.de\/wp-content\/uploads\/2022\/02\/AlbanienReiseSuedalbanien-1-20-1200x900.jpg 1200w, https:\/\/www.abenteueralbanien.de\/wp-content\/uploads\/2022\/02\/AlbanienReiseSuedalbanien-1-20-scaled.jpg 2048w\" data-sizes=\"auto\" data-orig-sizes=\"(min-width: 2200px) 100vw, (min-width: 824px) 397px, (min-width: 732px) 595px, (min-width: 640px) 732px, \" \/><\/a><\/div><\/div><div class=\"clearfix\"><\/div><div style=\"padding:5px;\" class=\"fusion-grid-column fusion-gallery-column fusion-gallery-column-3 hover-type-none\"><div class=\"fusion-gallery-image\"><a href=\"https:\/\/www.abenteueralbanien.de\/wp-content\/uploads\/2022\/02\/Abenteuer_Albanien-1-285-scaled.jpg\" rel=\"noreferrer\" data-rel=\"iLightbox[gallery_image_1]\" class=\"fusion-lightbox\" target=\"_self\"><img decoding=\"async\" src=\"https:\/\/www.abenteueralbanien.de\/wp-content\/uploads\/2022\/02\/Abenteuer_Albanien-1-285-scaled.jpg\" data-orig-src=\"https:\/\/www.abenteueralbanien.de\/wp-content\/uploads\/2022\/02\/Abenteuer_Albanien-1-285-scaled.jpg\" width=\"2048\" height=\"1536\" alt=\"Rafting\" title=\"Albanien Rafting\" aria-label=\"Albanien Rafting\" class=\"lazyload img-responsive wp-image-4520\" srcset=\"data:image\/svg+xml,%3Csvg%20xmlns%3D%27http%3A%2F%2Fwww.w3.org%2F2000%2Fsvg%27%20width%3D%272048%27%20height%3D%271536%27%20viewBox%3D%270%200%202048%201536%27%3E%3Crect%20width%3D%272048%27%20height%3D%271536%27%20fill-opacity%3D%220%22%2F%3E%3C%2Fsvg%3E\" data-srcset=\"https:\/\/www.abenteueralbanien.de\/wp-content\/uploads\/2022\/02\/Abenteuer_Albanien-1-285-200x150.jpg 200w, https:\/\/www.abenteueralbanien.de\/wp-content\/uploads\/2022\/02\/Abenteuer_Albanien-1-285-400x300.jpg 400w, https:\/\/www.abenteueralbanien.de\/wp-content\/uploads\/2022\/02\/Abenteuer_Albanien-1-285-600x450.jpg 600w, https:\/\/www.abenteueralbanien.de\/wp-content\/uploads\/2022\/02\/Abenteuer_Albanien-1-285-800x600.jpg 800w, https:\/\/www.abenteueralbanien.de\/wp-content\/uploads\/2022\/02\/Abenteuer_Albanien-1-285-1200x900.jpg 1200w, https:\/\/www.abenteueralbanien.de\/wp-content\/uploads\/2022\/02\/Abenteuer_Albanien-1-285-scaled.jpg 2048w\" data-sizes=\"auto\" data-orig-sizes=\"(min-width: 2200px) 100vw, (min-width: 824px) 397px, (min-width: 732px) 595px, (min-width: 640px) 732px, \" \/><\/a><\/div><\/div><div style=\"padding:5px;\" class=\"fusion-grid-column fusion-gallery-column fusion-gallery-column-3 hover-type-none\"><div class=\"fusion-gallery-image\"><a href=\"https:\/\/www.abenteueralbanien.de\/wp-content\/uploads\/2022\/02\/Abenteuer_Albanien-1-168-scaled.jpg\" rel=\"noreferrer\" data-rel=\"iLightbox[gallery_image_1]\" class=\"fusion-lightbox\" target=\"_self\"><img decoding=\"async\" src=\"https:\/\/www.abenteueralbanien.de\/wp-content\/uploads\/2022\/02\/Abenteuer_Albanien-1-168-scaled.jpg\" data-orig-src=\"https:\/\/www.abenteueralbanien.de\/wp-content\/uploads\/2022\/02\/Abenteuer_Albanien-1-168-scaled.jpg\" width=\"2048\" height=\"1536\" alt=\"Bunker am S\u00fcdrand von Gjirokastra\" title=\"bunker bei gjorokastra\" aria-label=\"bunker bei gjorokastra\" class=\"lazyload img-responsive wp-image-4518\" srcset=\"data:image\/svg+xml,%3Csvg%20xmlns%3D%27http%3A%2F%2Fwww.w3.org%2F2000%2Fsvg%27%20width%3D%272048%27%20height%3D%271536%27%20viewBox%3D%270%200%202048%201536%27%3E%3Crect%20width%3D%272048%27%20height%3D%271536%27%20fill-opacity%3D%220%22%2F%3E%3C%2Fsvg%3E\" data-srcset=\"https:\/\/www.abenteueralbanien.de\/wp-content\/uploads\/2022\/02\/Abenteuer_Albanien-1-168-200x150.jpg 200w, https:\/\/www.abenteueralbanien.de\/wp-content\/uploads\/2022\/02\/Abenteuer_Albanien-1-168-400x300.jpg 400w, https:\/\/www.abenteueralbanien.de\/wp-content\/uploads\/2022\/02\/Abenteuer_Albanien-1-168-600x450.jpg 600w, https:\/\/www.abenteueralbanien.de\/wp-content\/uploads\/2022\/02\/Abenteuer_Albanien-1-168-800x600.jpg 800w, https:\/\/www.abenteueralbanien.de\/wp-content\/uploads\/2022\/02\/Abenteuer_Albanien-1-168-1200x900.jpg 1200w, https:\/\/www.abenteueralbanien.de\/wp-content\/uploads\/2022\/02\/Abenteuer_Albanien-1-168-scaled.jpg 2048w\" data-sizes=\"auto\" data-orig-sizes=\"(min-width: 2200px) 100vw, (min-width: 824px) 397px, (min-width: 732px) 595px, (min-width: 640px) 732px, \" \/><\/a><\/div><\/div><div style=\"padding:5px;\" class=\"fusion-grid-column fusion-gallery-column fusion-gallery-column-3 hover-type-none\"><div class=\"fusion-gallery-image\"><a href=\"https:\/\/www.abenteueralbanien.de\/wp-content\/uploads\/2022\/02\/Abenteuer_Albanien-1-378-scaled.jpg\" rel=\"noreferrer\" data-rel=\"iLightbox[gallery_image_1]\" class=\"fusion-lightbox\" target=\"_self\"><img decoding=\"async\" src=\"https:\/\/www.abenteueralbanien.de\/wp-content\/uploads\/2022\/02\/Abenteuer_Albanien-1-378-scaled.jpg\" data-orig-src=\"https:\/\/www.abenteueralbanien.de\/wp-content\/uploads\/2022\/02\/Abenteuer_Albanien-1-378-scaled.jpg\" width=\"2048\" height=\"1536\" alt=\"Mann vor Rahmen an der Osumi Schlucht\" title=\"Berat Osumi Schlucht\" aria-label=\"Berat Osumi Schlucht\" class=\"lazyload img-responsive wp-image-4522\" srcset=\"data:image\/svg+xml,%3Csvg%20xmlns%3D%27http%3A%2F%2Fwww.w3.org%2F2000%2Fsvg%27%20width%3D%272048%27%20height%3D%271536%27%20viewBox%3D%270%200%202048%201536%27%3E%3Crect%20width%3D%272048%27%20height%3D%271536%27%20fill-opacity%3D%220%22%2F%3E%3C%2Fsvg%3E\" data-srcset=\"https:\/\/www.abenteueralbanien.de\/wp-content\/uploads\/2022\/02\/Abenteuer_Albanien-1-378-200x150.jpg 200w, https:\/\/www.abenteueralbanien.de\/wp-content\/uploads\/2022\/02\/Abenteuer_Albanien-1-378-400x300.jpg 400w, https:\/\/www.abenteueralbanien.de\/wp-content\/uploads\/2022\/02\/Abenteuer_Albanien-1-378-600x450.jpg 600w, https:\/\/www.abenteueralbanien.de\/wp-content\/uploads\/2022\/02\/Abenteuer_Albanien-1-378-800x600.jpg 800w, https:\/\/www.abenteueralbanien.de\/wp-content\/uploads\/2022\/02\/Abenteuer_Albanien-1-378-1200x900.jpg 1200w, https:\/\/www.abenteueralbanien.de\/wp-content\/uploads\/2022\/02\/Abenteuer_Albanien-1-378-scaled.jpg 2048w\" data-sizes=\"auto\" data-orig-sizes=\"(min-width: 2200px) 100vw, (min-width: 824px) 397px, (min-width: 732px) 595px, (min-width: 640px) 732px, \" \/><\/a><\/div><\/div><div class=\"clearfix\"><\/div><div style=\"padding:5px;\" class=\"fusion-grid-column fusion-gallery-column fusion-gallery-column-3 hover-type-none\"><div class=\"fusion-gallery-image\"><a href=\"https:\/\/www.abenteueralbanien.de\/wp-content\/uploads\/2022\/02\/Abenteuer_Albanien-1-488-scaled.jpg\" rel=\"noreferrer\" data-rel=\"iLightbox[gallery_image_1]\" class=\"fusion-lightbox\" target=\"_self\"><img decoding=\"async\" src=\"https:\/\/www.abenteueralbanien.de\/wp-content\/uploads\/2022\/02\/Abenteuer_Albanien-1-488-scaled.jpg\" data-orig-src=\"https:\/\/www.abenteueralbanien.de\/wp-content\/uploads\/2022\/02\/Abenteuer_Albanien-1-488-scaled.jpg\" width=\"2048\" height=\"1536\" alt=\"Strand Albanien mit Palmen\" title=\"Strand Albanien mit Palmen\" aria-label=\"Strand Albanien mit Palmen\" class=\"lazyload img-responsive wp-image-4514\" srcset=\"data:image\/svg+xml,%3Csvg%20xmlns%3D%27http%3A%2F%2Fwww.w3.org%2F2000%2Fsvg%27%20width%3D%272048%27%20height%3D%271536%27%20viewBox%3D%270%200%202048%201536%27%3E%3Crect%20width%3D%272048%27%20height%3D%271536%27%20fill-opacity%3D%220%22%2F%3E%3C%2Fsvg%3E\" data-srcset=\"https:\/\/www.abenteueralbanien.de\/wp-content\/uploads\/2022\/02\/Abenteuer_Albanien-1-488-scaled-200x150.jpg 200w, https:\/\/www.abenteueralbanien.de\/wp-content\/uploads\/2022\/02\/Abenteuer_Albanien-1-488-scaled-400x300.jpg 400w, https:\/\/www.abenteueralbanien.de\/wp-content\/uploads\/2022\/02\/Abenteuer_Albanien-1-488-scaled-600x450.jpg 600w, https:\/\/www.abenteueralbanien.de\/wp-content\/uploads\/2022\/02\/Abenteuer_Albanien-1-488-scaled-800x600.jpg 800w, https:\/\/www.abenteueralbanien.de\/wp-content\/uploads\/2022\/02\/Abenteuer_Albanien-1-488-scaled-1200x900.jpg 1200w, https:\/\/www.abenteueralbanien.de\/wp-content\/uploads\/2022\/02\/Abenteuer_Albanien-1-488-scaled.jpg 2048w\" data-sizes=\"auto\" data-orig-sizes=\"(min-width: 2200px) 100vw, (min-width: 824px) 397px, (min-width: 732px) 595px, (min-width: 640px) 732px, \" \/><\/a><\/div><\/div><div style=\"padding:5px;\" class=\"fusion-grid-column fusion-gallery-column fusion-gallery-column-3 hover-type-none\"><div class=\"fusion-gallery-image\"><a href=\"https:\/\/www.abenteueralbanien.de\/wp-content\/uploads\/2022\/02\/Abenteuer_Albanien-1-396-scaled.jpg\" rel=\"noreferrer\" data-rel=\"iLightbox[gallery_image_1]\" class=\"fusion-lightbox\" target=\"_self\"><img decoding=\"async\" src=\"https:\/\/www.abenteueralbanien.de\/wp-content\/uploads\/2022\/02\/Abenteuer_Albanien-1-396-scaled.jpg\" data-orig-src=\"https:\/\/www.abenteueralbanien.de\/wp-content\/uploads\/2022\/02\/Abenteuer_Albanien-1-396-scaled.jpg\" width=\"2048\" height=\"1360\" alt=\"Reservoir\" title=\"Auto am Bovilla See nahe Tirana\" aria-label=\"Auto am Bovilla See nahe Tirana\" class=\"lazyload img-responsive wp-image-4513\" srcset=\"data:image\/svg+xml,%3Csvg%20xmlns%3D%27http%3A%2F%2Fwww.w3.org%2F2000%2Fsvg%27%20width%3D%272048%27%20height%3D%271360%27%20viewBox%3D%270%200%202048%201360%27%3E%3Crect%20width%3D%272048%27%20height%3D%271360%27%20fill-opacity%3D%220%22%2F%3E%3C%2Fsvg%3E\" data-srcset=\"https:\/\/www.abenteueralbanien.de\/wp-content\/uploads\/2022\/02\/Abenteuer_Albanien-1-396-scaled-200x133.jpg 200w, https:\/\/www.abenteueralbanien.de\/wp-content\/uploads\/2022\/02\/Abenteuer_Albanien-1-396-scaled-400x266.jpg 400w, https:\/\/www.abenteueralbanien.de\/wp-content\/uploads\/2022\/02\/Abenteuer_Albanien-1-396-scaled-600x398.jpg 600w, https:\/\/www.abenteueralbanien.de\/wp-content\/uploads\/2022\/02\/Abenteuer_Albanien-1-396-scaled-800x531.jpg 800w, https:\/\/www.abenteueralbanien.de\/wp-content\/uploads\/2022\/02\/Abenteuer_Albanien-1-396-scaled-1200x797.jpg 1200w, https:\/\/www.abenteueralbanien.de\/wp-content\/uploads\/2022\/02\/Abenteuer_Albanien-1-396-scaled.jpg 2048w\" data-sizes=\"auto\" data-orig-sizes=\"(min-width: 2200px) 100vw, (min-width: 824px) 397px, (min-width: 732px) 595px, (min-width: 640px) 732px, \" \/><\/a><\/div><\/div><\/div><\/div><\/div><\/div><\/div><\/div>\n","protected":false},"excerpt":{"rendered":"","protected":false},"author":1,"featured_media":0,"parent":0,"menu_order":0,"comment_status":"closed","ping_status":"closed","template":"","meta":{"footnotes":""},"class_list":["post-4827","page","type-page","status-publish","hentry"],"_links":{"self":[{"href":"https:\/\/www.abenteueralbanien.de\/nl\/wp-json\/wp\/v2\/pages\/4827","targetHints":{"allow":["GET"]}}],"collection":[{"href":"https:\/\/www.abenteueralbanien.de\/nl\/wp-json\/wp\/v2\/pages"}],"about":[{"href":"https:\/\/www.abenteueralbanien.de\/nl\/wp-json\/wp\/v2\/types\/page"}],"author":[{"embeddable":true,"href":"https:\/\/www.abenteueralbanien.de\/nl\/wp-json\/wp\/v2\/users\/1"}],"replies":[{"embeddable":true,"href":"https:\/\/www.abenteueralbanien.de\/nl\/wp-json\/wp\/v2\/comments?post=4827"}],"version-history":[{"count":0,"href":"https:\/\/www.abenteueralbanien.de\/nl\/wp-json\/wp\/v2\/pages\/4827\/revisions"}],"wp:attachment":[{"href":"https:\/\/www.abenteueralbanien.de\/nl\/wp-json\/wp\/v2\/media?parent=4827"}],"curies":[{"name":"wp","href":"https:\/\/api.w.org\/{rel}","templated":true}]}}