{"id":10709,"date":"2024-12-29T15:47:05","date_gmt":"2024-12-29T14:47:05","guid":{"rendered":"https:\/\/www.abenteueralbanien.de\/?page_id=10709"},"modified":"2026-04-04T17:29:50","modified_gmt":"2026-04-04T15:29:50","slug":"toppen-van-de-balkan-rondleiding","status":"publish","type":"page","link":"https:\/\/www.abenteueralbanien.de\/nl\/peaks-of-the-balkans-tour-gefuehrt\/","title":{"rendered":"Tour met gids over de toppen van de Balkan"},"content":{"rendered":"<div class=\"fusion-fullwidth fullwidth-box fusion-builder-row-1 fusion-flex-container nonhundred-percent-fullwidth non-hundred-percent-height-scrolling\" style=\"--awb-border-radius-top-left:0px;--awb-border-radius-top-right:0px;--awb-border-radius-bottom-right:0px;--awb-border-radius-bottom-left:0px;--awb-margin-bottom:10px;--awb-flex-wrap:wrap;\" ><div class=\"fusion-builder-row fusion-row fusion-flex-align-items-flex-start fusion-flex-content-wrap\" style=\"max-width:1248px;margin-left: calc(-4% \/ 2 );margin-right: calc(-4% \/ 2 );\"><div class=\"fusion-layout-column fusion_builder_column fusion-builder-column-0 fusion_builder_column_1_1 1_1 fusion-flex-column\" style=\"--awb-bg-size:cover;--awb-width-large:100%;--awb-margin-top-large:0px;--awb-spacing-right-large:1.92%;--awb-margin-bottom-large:20px;--awb-spacing-left-large:1.92%;--awb-width-medium:100%;--awb-order-medium:0;--awb-spacing-right-medium:1.92%;--awb-spacing-left-medium:1.92%;--awb-width-small:100%;--awb-order-small:0;--awb-spacing-right-small:1.92%;--awb-spacing-left-small:1.92%;\"><div class=\"fusion-column-wrapper fusion-column-has-shadow fusion-flex-justify-content-flex-start fusion-content-layout-column\"><div class=\"fusion-title title fusion-title-1 fusion-title-text fusion-title-size-one\" style=\"--awb-text-color:var(--awb-custom_color_2);--awb-margin-bottom:5px;--awb-margin-top-small:0px;--awb-margin-right-small:0px;--awb-margin-bottom-small:20px;--awb-margin-left-small:0px;\"><div class=\"title-sep-container title-sep-container-left fusion-no-large-visibility fusion-no-medium-visibility fusion-no-small-visibility\"><div class=\"title-sep sep- sep-solid\" style=\"border-color:#e0dede;\"><\/div><\/div><span class=\"awb-title-spacer fusion-no-large-visibility fusion-no-medium-visibility fusion-no-small-visibility\"><\/span><h1 class=\"fusion-title-heading title-heading-left fusion-responsive-typography-calculated\" style=\"margin:0;--fontSize:38;line-height:1.1;\">tochten met gids door de toppen van de BALKAN - 8 tot 12 dagen<\/h1><span class=\"awb-title-spacer\"><\/span><div class=\"title-sep-container title-sep-container-right\"><div class=\"title-sep sep- sep-solid\" style=\"border-color:#e0dede;\"><\/div><\/div><\/div><div class=\"fusion-title title fusion-title-2 fusion-title-text fusion-title-size-paragraph\" style=\"--awb-text-color:var(--awb-custom_color_2);--awb-margin-bottom:30px;--awb-margin-top-small:0px;--awb-margin-right-small:0px;--awb-margin-bottom-small:20px;--awb-margin-left-small:0px;--awb-font-size:22px;\"><div class=\"title-sep-container title-sep-container-left fusion-no-large-visibility fusion-no-medium-visibility fusion-no-small-visibility\"><div class=\"title-sep sep- sep-solid\" style=\"border-color:#e0dede;\"><\/div><\/div><span class=\"awb-title-spacer fusion-no-large-visibility fusion-no-medium-visibility fusion-no-small-visibility\"><\/span><p class=\"fusion-title-heading title-heading-left title-heading-tag fusion-responsive-typography-calculated\" style=\"margin:0;font-size:1em;--fontSize:22;--minFontSize:22;line-height:1;\">Exclusieve partneraanbieding<\/p><span class=\"awb-title-spacer\"><\/span><div class=\"title-sep-container title-sep-container-right\"><div class=\"title-sep sep- sep-solid\" style=\"border-color:#e0dede;\"><\/div><\/div><\/div><div class=\"fusion-title title fusion-title-3 fusion-title-text fusion-title-size-paragraph\" style=\"--awb-text-color:var(--awb-color8);--awb-margin-top-small:0px;--awb-margin-right-small:0px;--awb-margin-bottom-small:20px;--awb-margin-left-small:0px;--awb-font-size:20px;\"><div class=\"title-sep-container title-sep-container-left fusion-no-large-visibility fusion-no-medium-visibility fusion-no-small-visibility\"><div class=\"title-sep sep- sep-solid\" style=\"border-color:#e0dede;\"><\/div><\/div><span class=\"awb-title-spacer fusion-no-large-visibility fusion-no-medium-visibility fusion-no-small-visibility\"><\/span><p class=\"fusion-title-heading title-heading-left title-heading-tag fusion-responsive-typography-calculated\" style=\"font-family:&quot;Open Sans&quot;;font-style:normal;font-weight:600;margin:0;font-size:1em;--fontSize:20;--minFontSize:20;line-height:1.2;\">Ervaar de Pieken van de Balkan Trail tijdens een tocht met een persoonlijke wandelgids door de ongerepte natuur van het Vervloekte Gebergte, dat zich in drie Balkanlanden bevindt: Albani\u00eb, Montenegro en Kosovo.<\/p><span class=\"awb-title-spacer\"><\/span><div class=\"title-sep-container title-sep-container-right\"><div class=\"title-sep sep- sep-solid\" style=\"border-color:#e0dede;\"><\/div><\/div><\/div><\/div><\/div><\/div><\/div><div class=\"fusion-fullwidth fullwidth-box fusion-builder-row-2 fusion-flex-container nonhundred-percent-fullwidth non-hundred-percent-height-scrolling\" style=\"--link_hover_color: var(--awb-color6);--link_color: rgba(114,114,121,0.49);--awb-border-color:rgba(242,242,242,0.5);--awb-border-radius-top-left:0px;--awb-border-radius-top-right:0px;--awb-border-radius-bottom-right:0px;--awb-border-radius-bottom-left:0px;--awb-margin-bottom:10px;--awb-flex-wrap:wrap;\" ><div class=\"fusion-builder-row fusion-row fusion-flex-align-items-flex-start fusion-flex-content-wrap\" style=\"max-width:1248px;margin-left: calc(-4% \/ 2 );margin-right: calc(-4% \/ 2 );\"><div class=\"fusion-layout-column fusion_builder_column fusion-builder-column-1 fusion_builder_column_1_2 1_2 fusion-flex-column\" style=\"--awb-bg-size:cover;--awb-width-large:50%;--awb-margin-top-large:0px;--awb-spacing-right-large:3.84%;--awb-margin-bottom-large:0px;--awb-spacing-left-large:3.84%;--awb-width-medium:100%;--awb-order-medium:0;--awb-spacing-right-medium:1.92%;--awb-spacing-left-medium:1.92%;--awb-width-small:100%;--awb-order-small:0;--awb-spacing-right-small:1.92%;--awb-spacing-left-small:1.92%;\"><div class=\"fusion-column-wrapper fusion-column-has-shadow fusion-flex-justify-content-flex-start fusion-content-layout-column\"><div style=\"text-align:left;\"><a class=\"fusion-button button-flat button-small button-custom fusion-button-default button-1 fusion-button-default-span fusion-button-default-type\" style=\"--button_accent_color:var(--awb-color1);--button_border_color:var(--awb-color1);--button_accent_hover_color:#ffffff;--button_border_hover_color:#000000;--button_gradient_top_color:var(--awb-custom_color_2);--button_gradient_bottom_color:var(--awb-custom_color_2);--button_gradient_top_color_hover:var(--awb-color5);--button_gradient_bottom_color_hover:var(--awb-color5);\" target=\"_self\" href=\"https:\/\/www.abenteueralbanien.de\/peaks-of-the-balkans-trail-tour\/\"><i class=\"fa-angle-right fas awb-button__icon awb-button__icon--default button-icon-left\" aria-hidden=\"true\"><\/i><span class=\"fusion-button-text awb-button__text awb-button__text--default\">Engelstalige website<\/span><\/a><\/div><\/div><\/div><div class=\"fusion-layout-column fusion_builder_column fusion-builder-column-2 fusion_builder_column_1_2 1_2 fusion-flex-column\" style=\"--awb-bg-size:cover;--awb-width-large:50%;--awb-margin-top-large:0px;--awb-spacing-right-large:3.84%;--awb-margin-bottom-large:0px;--awb-spacing-left-large:3.84%;--awb-width-medium:100%;--awb-order-medium:0;--awb-spacing-right-medium:1.92%;--awb-spacing-left-medium:1.92%;--awb-width-small:100%;--awb-order-small:0;--awb-spacing-right-small:1.92%;--awb-spacing-left-small:1.92%;\"><div class=\"fusion-column-wrapper fusion-column-has-shadow fusion-flex-justify-content-flex-start fusion-content-layout-column\"><\/div><\/div><div class=\"fusion-layout-column fusion_builder_column fusion-builder-column-3 fusion_builder_column_2_3 2_3 fusion-flex-column\" style=\"--awb-bg-size:cover;--awb-width-large:66.666666666667%;--awb-margin-top-large:0px;--awb-spacing-right-large:2.88%;--awb-margin-bottom-large:0px;--awb-spacing-left-large:2.88%;--awb-width-medium:100%;--awb-order-medium:0;--awb-spacing-right-medium:1.92%;--awb-spacing-left-medium:1.92%;--awb-width-small:100%;--awb-order-small:0;--awb-spacing-right-small:1.92%;--awb-spacing-left-small:1.92%;\"><div class=\"fusion-column-wrapper fusion-column-has-shadow fusion-flex-justify-content-flex-start fusion-content-layout-column\"><div class=\"fusion-slider-sc fusion-has-margin\" style=\"margin-bottom:0px;\"><div class=\"fusion-flexslider-loading flexslider flexslider-hover-type-none\" data-slideshow_autoplay=\"1\" data-slideshow_smooth_height=\"0\" data-slideshow_speed=\"2500\" style=\"max-width:100%;height:100%;\"><ul class=\"slides\"><li class=\"image\"><span class=\"lazyload fusion-image-hover-element hover-type-none\"><img decoding=\"async\" src=\"https:\/\/www.abenteueralbanien.de\/wp-content\/uploads\/2026\/02\/Peaks-of-the-Balkans-Gefuehrte-Tour-Gruppe-am-Wandern.jpg\" data-orig-src=\"https:\/\/www.abenteueralbanien.de\/wp-content\/uploads\/2026\/02\/Peaks-of-the-Balkans-Gefuehrte-Tour-Gruppe-am-Wandern.jpg\" alt=\"Pieken van de Balkan Tour met gids Groepswandelen\" width=\"1024\" height=\"768\" class=\"lazyload wp-image-22909\" srcset=\"data:image\/svg+xml,%3Csvg%20xmlns%3D%27http%3A%2F%2Fwww.w3.org%2F2000%2Fsvg%27%20width%3D%271024%27%20height%3D%27768%27%20viewBox%3D%270%200%201024%20768%27%3E%3Crect%20width%3D%271024%27%20height%3D%27768%27%20fill-opacity%3D%220%22%2F%3E%3C%2Fsvg%3E\" data-srcset=\"https:\/\/www.abenteueralbanien.de\/wp-content\/uploads\/2026\/02\/Peaks-of-the-Balkans-Gefuehrte-Tour-Gruppe-am-Wandern-200x150.jpg 200w, https:\/\/www.abenteueralbanien.de\/wp-content\/uploads\/2026\/02\/Peaks-of-the-Balkans-Gefuehrte-Tour-Gruppe-am-Wandern-400x300.jpg 400w, https:\/\/www.abenteueralbanien.de\/wp-content\/uploads\/2026\/02\/Peaks-of-the-Balkans-Gefuehrte-Tour-Gruppe-am-Wandern-600x450.jpg 600w, https:\/\/www.abenteueralbanien.de\/wp-content\/uploads\/2026\/02\/Peaks-of-the-Balkans-Gefuehrte-Tour-Gruppe-am-Wandern-800x600.jpg 800w, https:\/\/www.abenteueralbanien.de\/wp-content\/uploads\/2026\/02\/Peaks-of-the-Balkans-Gefuehrte-Tour-Gruppe-am-Wandern.jpg 1024w\" data-sizes=\"auto\" data-orig-sizes=\"(max-width: 1024px) 100vw, (max-width: 640px) 100vw, 800px\" \/><\/span><\/li><li class=\"image\"><span class=\"lazyload fusion-image-hover-element hover-type-none\"><img decoding=\"async\" src=\"https:\/\/www.abenteueralbanien.de\/wp-content\/uploads\/2026\/02\/Peaks-of-the-Balkans-Gefuehrte-Tour.jpg\" data-orig-src=\"https:\/\/www.abenteueralbanien.de\/wp-content\/uploads\/2026\/02\/Peaks-of-the-Balkans-Gefuehrte-Tour.jpg\" alt=\"Tour met gids over de toppen van de Balkan\" width=\"1024\" height=\"768\" class=\"lazyload wp-image-23210\" srcset=\"data:image\/svg+xml,%3Csvg%20xmlns%3D%27http%3A%2F%2Fwww.w3.org%2F2000%2Fsvg%27%20width%3D%271024%27%20height%3D%27768%27%20viewBox%3D%270%200%201024%20768%27%3E%3Crect%20width%3D%271024%27%20height%3D%27768%27%20fill-opacity%3D%220%22%2F%3E%3C%2Fsvg%3E\" data-srcset=\"https:\/\/www.abenteueralbanien.de\/wp-content\/uploads\/2026\/02\/Peaks-of-the-Balkans-Gefuehrte-Tour-200x150.jpg 200w, https:\/\/www.abenteueralbanien.de\/wp-content\/uploads\/2026\/02\/Peaks-of-the-Balkans-Gefuehrte-Tour-400x300.jpg 400w, https:\/\/www.abenteueralbanien.de\/wp-content\/uploads\/2026\/02\/Peaks-of-the-Balkans-Gefuehrte-Tour-600x450.jpg 600w, https:\/\/www.abenteueralbanien.de\/wp-content\/uploads\/2026\/02\/Peaks-of-the-Balkans-Gefuehrte-Tour-800x600.jpg 800w, https:\/\/www.abenteueralbanien.de\/wp-content\/uploads\/2026\/02\/Peaks-of-the-Balkans-Gefuehrte-Tour.jpg 1024w\" data-sizes=\"auto\" data-orig-sizes=\"(max-width: 1024px) 100vw, (max-width: 640px) 100vw, 800px\" \/><\/span><\/li><li class=\"image\"><span class=\"lazyload fusion-image-hover-element hover-type-none\"><img decoding=\"async\" src=\"https:\/\/www.abenteueralbanien.de\/wp-content\/uploads\/2024\/03\/Koman-Faehre.jpg\" data-orig-src=\"https:\/\/www.abenteueralbanien.de\/wp-content\/uploads\/2024\/03\/Koman-Faehre.jpg\" alt=\"Koman veerboot\" width=\"2048\" height=\"1536\" class=\"lazyload wp-image-14199\" srcset=\"data:image\/svg+xml,%3Csvg%20xmlns%3D%27http%3A%2F%2Fwww.w3.org%2F2000%2Fsvg%27%20width%3D%272048%27%20height%3D%271536%27%20viewBox%3D%270%200%202048%201536%27%3E%3Crect%20width%3D%272048%27%20height%3D%271536%27%20fill-opacity%3D%220%22%2F%3E%3C%2Fsvg%3E\" data-srcset=\"https:\/\/www.abenteueralbanien.de\/wp-content\/uploads\/2024\/03\/Koman-Faehre-200x150.jpg 200w, https:\/\/www.abenteueralbanien.de\/wp-content\/uploads\/2024\/03\/Koman-Faehre-400x300.jpg 400w, https:\/\/www.abenteueralbanien.de\/wp-content\/uploads\/2024\/03\/Koman-Faehre-600x450.jpg 600w, https:\/\/www.abenteueralbanien.de\/wp-content\/uploads\/2024\/03\/Koman-Faehre-800x600.jpg 800w, https:\/\/www.abenteueralbanien.de\/wp-content\/uploads\/2024\/03\/Koman-Faehre-1200x900.jpg 1200w, https:\/\/www.abenteueralbanien.de\/wp-content\/uploads\/2024\/03\/Koman-Faehre.jpg 2048w\" data-sizes=\"auto\" data-orig-sizes=\"(max-width: 1024px) 100vw, (max-width: 640px) 100vw, 800px\" \/><\/span><\/li><li class=\"image\"><span class=\"lazyload fusion-image-hover-element hover-type-none\"><img decoding=\"async\" src=\"https:\/\/www.abenteueralbanien.de\/wp-content\/uploads\/2026\/02\/Peaks-of-the-Balkans-Guided-Tour-Trail-Marking.jpg\" data-orig-src=\"https:\/\/www.abenteueralbanien.de\/wp-content\/uploads\/2026\/02\/Peaks-of-the-Balkans-Guided-Tour-Trail-Marking.jpg\" alt=\"Pieken-van-de-Balkanroute Trailmarkering\" width=\"800\" height=\"575\" class=\"lazyload wp-image-23128\" srcset=\"data:image\/svg+xml,%3Csvg%20xmlns%3D%27http%3A%2F%2Fwww.w3.org%2F2000%2Fsvg%27%20width%3D%27800%27%20height%3D%27575%27%20viewBox%3D%270%200%20800%20575%27%3E%3Crect%20width%3D%27800%27%20height%3D%27575%27%20fill-opacity%3D%220%22%2F%3E%3C%2Fsvg%3E\" data-srcset=\"https:\/\/www.abenteueralbanien.de\/wp-content\/uploads\/2026\/02\/Peaks-of-the-Balkans-Guided-Tour-Trail-Marking-200x144.jpg 200w, https:\/\/www.abenteueralbanien.de\/wp-content\/uploads\/2026\/02\/Peaks-of-the-Balkans-Guided-Tour-Trail-Marking-400x288.jpg 400w, https:\/\/www.abenteueralbanien.de\/wp-content\/uploads\/2026\/02\/Peaks-of-the-Balkans-Guided-Tour-Trail-Marking-600x431.jpg 600w, https:\/\/www.abenteueralbanien.de\/wp-content\/uploads\/2026\/02\/Peaks-of-the-Balkans-Guided-Tour-Trail-Marking.jpg 800w\" data-sizes=\"auto\" data-orig-sizes=\"(max-width: 1024px) 100vw, (max-width: 640px) 100vw, 800px\" \/><\/span><\/li><li class=\"image\"><span class=\"lazyload fusion-image-hover-element hover-type-none\"><img decoding=\"async\" src=\"https:\/\/www.abenteueralbanien.de\/wp-content\/uploads\/2024\/01\/Wander-Tour-Valbona-nach-Theth-via-Koman-See-jpg.webp\" data-orig-src=\"https:\/\/www.abenteueralbanien.de\/wp-content\/uploads\/2024\/01\/Wander-Tour-Valbona-nach-Theth-via-Koman-See-jpg.webp\" alt=\"Wandeltocht Valbona naar Theth via Koman Lake Wandelaars in de bergen\" width=\"600\" height=\"450\" class=\"lazyload wp-image-11904\" srcset=\"data:image\/svg+xml,%3Csvg%20xmlns%3D%27http%3A%2F%2Fwww.w3.org%2F2000%2Fsvg%27%20width%3D%27600%27%20height%3D%27450%27%20viewBox%3D%270%200%20600%20450%27%3E%3Crect%20width%3D%27600%27%20height%3D%27450%27%20fill-opacity%3D%220%22%2F%3E%3C%2Fsvg%3E\" data-srcset=\"https:\/\/www.abenteueralbanien.de\/wp-content\/uploads\/2024\/01\/Wander-Tour-Valbona-nach-Theth-via-Koman-See-200x150.webp 200w, https:\/\/www.abenteueralbanien.de\/wp-content\/uploads\/2024\/01\/Wander-Tour-Valbona-nach-Theth-via-Koman-See-400x300.webp 400w, https:\/\/www.abenteueralbanien.de\/wp-content\/uploads\/2024\/01\/Wander-Tour-Valbona-nach-Theth-via-Koman-See-jpg.webp 600w\" data-sizes=\"auto\" data-orig-sizes=\"(max-width: 1024px) 100vw, (max-width: 640px) 100vw, 600px\" \/><\/span><\/li><li class=\"image\"><span class=\"lazyload fusion-image-hover-element hover-type-none\"><img decoding=\"async\" src=\"https:\/\/www.abenteueralbanien.de\/wp-content\/uploads\/2026\/02\/Peaks-of-the-balkans-12-Tage-gefuehrte-tour.jpg\" data-orig-src=\"https:\/\/www.abenteueralbanien.de\/wp-content\/uploads\/2026\/02\/Peaks-of-the-balkans-12-Tage-gefuehrte-tour.jpg\" alt=\"Pieken van de balkan 12-daagse rondleiding met gids\" width=\"1024\" height=\"768\" class=\"lazyload wp-image-23209\" srcset=\"data:image\/svg+xml,%3Csvg%20xmlns%3D%27http%3A%2F%2Fwww.w3.org%2F2000%2Fsvg%27%20width%3D%271024%27%20height%3D%27768%27%20viewBox%3D%270%200%201024%20768%27%3E%3Crect%20width%3D%271024%27%20height%3D%27768%27%20fill-opacity%3D%220%22%2F%3E%3C%2Fsvg%3E\" data-srcset=\"https:\/\/www.abenteueralbanien.de\/wp-content\/uploads\/2026\/02\/Peaks-of-the-balkans-12-Tage-gefuehrte-tour-200x150.jpg 200w, https:\/\/www.abenteueralbanien.de\/wp-content\/uploads\/2026\/02\/Peaks-of-the-balkans-12-Tage-gefuehrte-tour-400x300.jpg 400w, https:\/\/www.abenteueralbanien.de\/wp-content\/uploads\/2026\/02\/Peaks-of-the-balkans-12-Tage-gefuehrte-tour-600x450.jpg 600w, https:\/\/www.abenteueralbanien.de\/wp-content\/uploads\/2026\/02\/Peaks-of-the-balkans-12-Tage-gefuehrte-tour-800x600.jpg 800w, https:\/\/www.abenteueralbanien.de\/wp-content\/uploads\/2026\/02\/Peaks-of-the-balkans-12-Tage-gefuehrte-tour.jpg 1024w\" data-sizes=\"auto\" data-orig-sizes=\"(max-width: 1024px) 100vw, (max-width: 640px) 100vw, 800px\" \/><\/span><\/li><li class=\"image\"><span class=\"lazyload fusion-image-hover-element hover-type-none\"><img decoding=\"async\" src=\"https:\/\/www.abenteueralbanien.de\/wp-content\/uploads\/2026\/02\/Peaks-of-the-balkans-8-Tage-tour.jpg\" data-orig-src=\"https:\/\/www.abenteueralbanien.de\/wp-content\/uploads\/2026\/02\/Peaks-of-the-balkans-8-Tage-tour.jpg\" alt=\"Pieken van de balkan 8 daagse tour\" width=\"1024\" height=\"768\" class=\"lazyload wp-image-23208\" srcset=\"data:image\/svg+xml,%3Csvg%20xmlns%3D%27http%3A%2F%2Fwww.w3.org%2F2000%2Fsvg%27%20width%3D%271024%27%20height%3D%27768%27%20viewBox%3D%270%200%201024%20768%27%3E%3Crect%20width%3D%271024%27%20height%3D%27768%27%20fill-opacity%3D%220%22%2F%3E%3C%2Fsvg%3E\" data-srcset=\"https:\/\/www.abenteueralbanien.de\/wp-content\/uploads\/2026\/02\/Peaks-of-the-balkans-8-Tage-tour-200x150.jpg 200w, https:\/\/www.abenteueralbanien.de\/wp-content\/uploads\/2026\/02\/Peaks-of-the-balkans-8-Tage-tour-400x300.jpg 400w, https:\/\/www.abenteueralbanien.de\/wp-content\/uploads\/2026\/02\/Peaks-of-the-balkans-8-Tage-tour-600x450.jpg 600w, https:\/\/www.abenteueralbanien.de\/wp-content\/uploads\/2026\/02\/Peaks-of-the-balkans-8-Tage-tour-800x600.jpg 800w, https:\/\/www.abenteueralbanien.de\/wp-content\/uploads\/2026\/02\/Peaks-of-the-balkans-8-Tage-tour.jpg 1024w\" data-sizes=\"auto\" data-orig-sizes=\"(max-width: 1024px) 100vw, (max-width: 640px) 100vw, 800px\" \/><\/span><\/li><li class=\"image\"><span class=\"lazyload fusion-image-hover-element hover-type-none\"><img decoding=\"async\" src=\"https:\/\/www.abenteueralbanien.de\/wp-content\/uploads\/2026\/02\/Peaks-of-the-balkans-8-Tage-gefuehrte-tour.jpg\" data-orig-src=\"https:\/\/www.abenteueralbanien.de\/wp-content\/uploads\/2026\/02\/Peaks-of-the-balkans-8-Tage-gefuehrte-tour.jpg\" alt=\"Tochten met gids door de balkan 8 dagen\" width=\"1024\" height=\"768\" class=\"lazyload wp-image-23214\" srcset=\"data:image\/svg+xml,%3Csvg%20xmlns%3D%27http%3A%2F%2Fwww.w3.org%2F2000%2Fsvg%27%20width%3D%271024%27%20height%3D%27768%27%20viewBox%3D%270%200%201024%20768%27%3E%3Crect%20width%3D%271024%27%20height%3D%27768%27%20fill-opacity%3D%220%22%2F%3E%3C%2Fsvg%3E\" data-srcset=\"https:\/\/www.abenteueralbanien.de\/wp-content\/uploads\/2026\/02\/Peaks-of-the-balkans-8-Tage-gefuehrte-tour-200x150.jpg 200w, https:\/\/www.abenteueralbanien.de\/wp-content\/uploads\/2026\/02\/Peaks-of-the-balkans-8-Tage-gefuehrte-tour-400x300.jpg 400w, https:\/\/www.abenteueralbanien.de\/wp-content\/uploads\/2026\/02\/Peaks-of-the-balkans-8-Tage-gefuehrte-tour-600x450.jpg 600w, https:\/\/www.abenteueralbanien.de\/wp-content\/uploads\/2026\/02\/Peaks-of-the-balkans-8-Tage-gefuehrte-tour-800x600.jpg 800w, https:\/\/www.abenteueralbanien.de\/wp-content\/uploads\/2026\/02\/Peaks-of-the-balkans-8-Tage-gefuehrte-tour.jpg 1024w\" data-sizes=\"auto\" data-orig-sizes=\"(max-width: 1024px) 100vw, (max-width: 640px) 100vw, 800px\" \/><\/span><\/li><li class=\"image\"><span class=\"lazyload fusion-image-hover-element hover-type-none\"><img decoding=\"async\" src=\"https:\/\/www.abenteueralbanien.de\/wp-content\/uploads\/2026\/02\/Peaks-of-the-Balkans-Tour-Albanien-Pferde-vor-hohen-Gipfeln.jpg\" data-orig-src=\"https:\/\/www.abenteueralbanien.de\/wp-content\/uploads\/2026\/02\/Peaks-of-the-Balkans-Tour-Albanien-Pferde-vor-hohen-Gipfeln.jpg\" alt=\"Pieken van de Balkan Tour Albani\u00eb Paarden voor hoge bergtoppen\" width=\"1024\" height=\"756\" class=\"lazyload wp-image-22911\" srcset=\"data:image\/svg+xml,%3Csvg%20xmlns%3D%27http%3A%2F%2Fwww.w3.org%2F2000%2Fsvg%27%20width%3D%271024%27%20height%3D%27756%27%20viewBox%3D%270%200%201024%20756%27%3E%3Crect%20width%3D%271024%27%20height%3D%27756%27%20fill-opacity%3D%220%22%2F%3E%3C%2Fsvg%3E\" data-srcset=\"https:\/\/www.abenteueralbanien.de\/wp-content\/uploads\/2026\/02\/Peaks-of-the-Balkans-Tour-Albanien-Pferde-vor-hohen-Gipfeln-200x148.jpg 200w, https:\/\/www.abenteueralbanien.de\/wp-content\/uploads\/2026\/02\/Peaks-of-the-Balkans-Tour-Albanien-Pferde-vor-hohen-Gipfeln-400x295.jpg 400w, https:\/\/www.abenteueralbanien.de\/wp-content\/uploads\/2026\/02\/Peaks-of-the-Balkans-Tour-Albanien-Pferde-vor-hohen-Gipfeln-600x443.jpg 600w, https:\/\/www.abenteueralbanien.de\/wp-content\/uploads\/2026\/02\/Peaks-of-the-Balkans-Tour-Albanien-Pferde-vor-hohen-Gipfeln-800x591.jpg 800w, https:\/\/www.abenteueralbanien.de\/wp-content\/uploads\/2026\/02\/Peaks-of-the-Balkans-Tour-Albanien-Pferde-vor-hohen-Gipfeln.jpg 1024w\" data-sizes=\"auto\" data-orig-sizes=\"(max-width: 1024px) 100vw, (max-width: 640px) 100vw, 800px\" \/><\/span><\/li><li class=\"image\"><span class=\"lazyload fusion-image-hover-element hover-type-none\"><img decoding=\"async\" src=\"https:\/\/www.abenteueralbanien.de\/wp-content\/uploads\/2023\/12\/Traditional-food-jpg.webp\" data-orig-src=\"https:\/\/www.abenteueralbanien.de\/wp-content\/uploads\/2023\/12\/Traditional-food-jpg.webp\" alt=\"Aalbanese gerechten in een rustieke houten hut, met traditionele gerechten en regionale specialiteiten\" width=\"1024\" height=\"576\" class=\"lazyload wp-image-10727\" srcset=\"data:image\/svg+xml,%3Csvg%20xmlns%3D%27http%3A%2F%2Fwww.w3.org%2F2000%2Fsvg%27%20width%3D%271024%27%20height%3D%27576%27%20viewBox%3D%270%200%201024%20576%27%3E%3Crect%20width%3D%271024%27%20height%3D%27576%27%20fill-opacity%3D%220%22%2F%3E%3C%2Fsvg%3E\" data-srcset=\"https:\/\/www.abenteueralbanien.de\/wp-content\/uploads\/2023\/12\/Traditional-food-200x113.webp 200w, https:\/\/www.abenteueralbanien.de\/wp-content\/uploads\/2023\/12\/Traditional-food-400x225.webp 400w, https:\/\/www.abenteueralbanien.de\/wp-content\/uploads\/2023\/12\/Traditional-food-600x338.webp 600w, https:\/\/www.abenteueralbanien.de\/wp-content\/uploads\/2023\/12\/Traditional-food-800x450.webp 800w, https:\/\/www.abenteueralbanien.de\/wp-content\/uploads\/2023\/12\/Traditional-food-jpg.webp 1024w\" data-sizes=\"auto\" data-orig-sizes=\"(max-width: 1024px) 100vw, (max-width: 640px) 100vw, 800px\" \/><\/span><\/li><\/ul><\/div><\/div><\/div><\/div><div class=\"fusion-layout-column fusion_builder_column fusion-builder-column-4 fusion_builder_column_1_3 1_3 fusion-flex-column\" style=\"--awb-bg-size:cover;--awb-width-large:33.333333333333%;--awb-margin-top-large:15px;--awb-spacing-right-large:5.76%;--awb-margin-bottom-large:20px;--awb-spacing-left-large:5.76%;--awb-width-medium:100%;--awb-order-medium:0;--awb-spacing-right-medium:1.92%;--awb-spacing-left-medium:1.92%;--awb-width-small:100%;--awb-order-small:0;--awb-spacing-right-small:1.92%;--awb-spacing-left-small:1.92%;\" data-scroll-devices=\"small-visibility,medium-visibility,large-visibility\"><div class=\"fusion-column-wrapper fusion-column-has-shadow fusion-flex-justify-content-flex-end fusion-content-layout-column\"><div class=\"fusion-text fusion-text-1\"><p><span style=\"color: #808080;\">Aankomst\/vertrek: <\/span>\u00a0<span style=\"color: #72a944;\">Tirana<\/span><\/p>\n<\/div><div class=\"fusion-separator fusion-full-width-sep\" style=\"align-self: center;margin-left: auto;margin-right: auto;margin-bottom:15px;width:100%;max-width:100%;\"><div class=\"fusion-separator-border sep-single sep-solid\" style=\"--awb-height:20px;--awb-amount:20px;border-color:#e0dede;border-top-width:1px;\"><\/div><\/div><div class=\"fusion-text fusion-text-2\" style=\"--awb-text-transform:none;\"><p><span style=\"color: #808080;\">Reistijd<\/span>:\u00a0 <span style=\"color: #72a944;\">Mei - okt.<\/span><\/p>\n<\/div><div class=\"fusion-separator fusion-full-width-sep\" style=\"align-self: center;margin-left: auto;margin-right: auto;margin-bottom:15px;width:100%;max-width:100%;\"><div class=\"fusion-separator-border sep-single sep-solid\" style=\"--awb-height:20px;--awb-amount:20px;border-color:#e0dede;border-top-width:1px;\"><\/div><\/div><div class=\"fusion-text fusion-text-3\" style=\"--awb-text-transform:none;\"><p><span style=\"color: #808080;\">Duur:<\/span> \u00a0<span style=\"color: #72a944;\">8 - 12 dagen<\/span><\/p>\n<\/div><div class=\"fusion-separator fusion-full-width-sep\" style=\"align-self: center;margin-left: auto;margin-right: auto;margin-bottom:15px;width:100%;max-width:100%;\"><div class=\"fusion-separator-border sep-single sep-solid\" style=\"--awb-height:20px;--awb-amount:20px;border-color:#e0dede;border-top-width:1px;\"><\/div><\/div><div class=\"fusion-text fusion-text-4\" style=\"--awb-text-transform:none;\"><p><span style=\"color: #808080;\">Deelnemers:<\/span>\u00a0\u00a0<span style=\"color: #72a944;\">4-12<\/span><\/p>\n<\/div><div class=\"fusion-separator fusion-full-width-sep\" style=\"align-self: center;margin-left: auto;margin-right: auto;margin-bottom:15px;width:100%;max-width:100%;\"><div class=\"fusion-separator-border sep-single sep-solid\" style=\"--awb-height:20px;--awb-amount:20px;border-color:#e0dede;border-top-width:1px;\"><\/div><\/div><div class=\"fusion-text fusion-text-5\" style=\"--awb-text-transform:none;\"><p><span style=\"color: #808080;\">Reisleider<\/span>:\u00a0 <span style=\"color: #72a944;\">Engels sprekend<\/span><\/p>\n<\/div><div class=\"fusion-separator fusion-full-width-sep\" style=\"align-self: center;margin-left: auto;margin-right: auto;margin-bottom:15px;width:100%;max-width:100%;\"><div class=\"fusion-separator-border sep-single sep-solid\" style=\"--awb-height:20px;--awb-amount:20px;border-color:#e0dede;border-top-width:1px;\"><\/div><\/div><div class=\"fusion-text fusion-text-6\" style=\"--awb-text-transform:none;\"><p><span style=\"color: #808080;\">per persoon:<\/span> \u00a0<span style=\"color: #72a944;\">vanaf \u20ac 1045,00<\/span><\/p>\n<\/div><div style=\"text-align:center;\"><a class=\"fusion-button button-flat button-xlarge button-custom fusion-button-default button-2 fusion-button-span-yes fusion-button-default-type\" style=\"--awb-margin-top:0px;--awb-margin-right:0px;--awb-margin-bottom:0px;--awb-margin-left:0px;--button_accent_color:var(--awb-color1);--button_border_color:#ffffff;--button_accent_hover_color:var(--awb-color1);--button_border_hover_color:#ffffff;--button_border_width-top:0px;--button_border_width-right:0px;--button_border_width-bottom:0px;--button_border_width-left:0px;--button_gradient_top_color:var(--awb-custom_color_2);--button_gradient_bottom_color:var(--awb-custom_color_2);--button_gradient_top_color_hover:var(--awb-color5);--button_gradient_bottom_color_hover:var(--awb-color5);--button_text_transform:uppercase;\" target=\"_self\" peaks of the balkans gef\u00dchrt buchen href=\"https:\/\/www.abenteueralbanien.de\/nl\/toppen-van-de-balkan-rondleiding\/#GUIDED\"><i class=\"fa-angle-double-right fas awb-button__icon awb-button__icon--default button-icon-left\" aria-hidden=\"true\"><\/i><span class=\"fusion-button-text awb-button__text awb-button__text--default\">BOEK<\/span><\/a><\/div><\/div><\/div><\/div><\/div><div class=\"fusion-fullwidth fullwidth-box fusion-builder-row-3 fusion-flex-container has-pattern-background has-mask-background nonhundred-percent-fullwidth non-hundred-percent-height-scrolling\" style=\"--link_color: #000000;--awb-border-color:var(--awb-color1);--awb-border-radius-top-left:0px;--awb-border-radius-top-right:0px;--awb-border-radius-bottom-right:0px;--awb-border-radius-bottom-left:0px;--awb-padding-top:20px;--awb-padding-right:0px;--awb-padding-bottom:0px;--awb-padding-left:0px;--awb-background-color:#ffffff;--awb-flex-wrap:wrap;\" ><div class=\"fusion-builder-row fusion-row fusion-flex-align-items-flex-start fusion-flex-content-wrap\" style=\"max-width:1248px;margin-left: calc(-4% \/ 2 );margin-right: calc(-4% \/ 2 );\"><div class=\"fusion-layout-column fusion_builder_column fusion-builder-column-5 fusion_builder_column_1_1 1_1 fusion-flex-column\" style=\"--awb-bg-color:rgba(255,255,255,0.05);--awb-bg-color-hover:rgba(255,255,255,0.05);--awb-bg-size:cover;--awb-border-color:#f1f4f6;--awb-border-style:solid;--awb-width-large:100%;--awb-margin-top-large:0px;--awb-spacing-right-large:1.92%;--awb-margin-bottom-large:0px;--awb-spacing-left-large:1.92%;--awb-width-medium:100%;--awb-order-medium:0;--awb-spacing-right-medium:1.92%;--awb-spacing-left-medium:1.92%;--awb-width-small:100%;--awb-order-small:0;--awb-spacing-right-small:1.92%;--awb-spacing-left-small:1.92%;\"><div class=\"fusion-column-wrapper fusion-column-has-shadow fusion-flex-justify-content-flex-start fusion-content-layout-column\"><div class=\"fusion-title title fusion-title-4 fusion-title-text fusion-title-size-two\" style=\"--awb-text-color:var(--awb-custom_color_2);--awb-margin-top:20px;--awb-margin-bottom:20px;--awb-margin-top-small:0px;--awb-margin-right-small:0px;--awb-margin-bottom-small:20px;--awb-margin-left-small:0px;--awb-sep-color:var(--awb-custom_color_2);--awb-font-size:38px;\"><div class=\"title-sep-container title-sep-container-left fusion-no-large-visibility fusion-no-medium-visibility fusion-no-small-visibility\"><div class=\"title-sep sep-single sep-solid\" style=\"border-color:var(--awb-custom_color_2);\"><\/div><\/div><span class=\"awb-title-spacer fusion-no-large-visibility fusion-no-medium-visibility fusion-no-small-visibility\"><\/span><h2 class=\"fusion-title-heading title-heading-left fusion-responsive-typography-calculated\" style=\"margin:0;text-transform:uppercase;font-size:1em;--fontSize:38;line-height:1.16;\">Hoogtepunten van de Balkan Tour met gids - Hoogtepunten<\/h2><span class=\"awb-title-spacer\"><\/span><div class=\"title-sep-container title-sep-container-right\"><div class=\"title-sep sep-single sep-solid\" style=\"border-color:var(--awb-custom_color_2);\"><\/div><\/div><\/div><div class=\"fusion-text fusion-text-7\"><p>Waarom bij ons? Onze <strong>Tours zijn beperkt tot maximaal 12 personen<\/strong>. De kleine groepen zorgen ervoor dat je genoeg tijd hebt in<strong> Intensief contact met het land en de mensen<\/strong> en neem veel van de reis mee naar huis.<\/p>\n<\/div><div class=\"fusion-text fusion-text-8 fusion-text-no-margin\" style=\"--awb-text-transform:none;--awb-margin-top:20px;--awb-margin-right:0px;--awb-margin-bottom:20px;--awb-margin-left:0px;\"><ul>\n<li><strong>Koman Meer<\/strong> - Ervaar de overtocht met de veerboot door het fjordachtige landschap van Koman naar Fierze<\/li>\n<li><span class=\"\" data-index=\"6\"><strong>Alpendorp Theth<\/strong> - Bezoek een van de meest pittoreske dorpjes in de Albanese Alpen<\/span><\/li>\n<li><span class=\"\" data-index=\"7\"><strong>Wandelen in de wildernis<\/strong> - De wandeling voert je door ongerepte natuur, over groene bergweiden en naar kristalheldere bergmeren.<\/span><\/li>\n<li><span class=\"\" data-index=\"8\"><strong>Wandelen in het drielandenpunt<\/strong> - Bezoek drie landen in \u00e9\u00e9n wandeling - Albani\u00eb, Montenegro &amp; Kosovo<\/span><\/li>\n<li><span class=\"\" data-index=\"9\"><strong>Gjeravica<\/strong> - De hoogste piek in Kosovo, omgeven door gletsjermeren en het thuis van de Tritonsalamander<\/span><\/li>\n<li><span class=\"\" data-index=\"12\"><strong>Taljanka en Grebaja-vallei<\/strong> - Beschouwd als de mooiste vallei in voormalig Joegoslavi\u00eb en verwent je met adembenemende uitzichten<\/span><\/li>\n<li><span class=\"\" data-index=\"10\"><strong>Bunker &amp; communisme<\/strong> - Tijdens het communistische tijdperk investeerde Albani\u00eb een fortuin in de bouw van betonnen bunkers om een gevreesde invasie te voorkomen. Bewonder de overblijfselen van deze periode. De wandeling voert je langs enkele van de hoogste bunkers in Albani\u00eb<\/span><\/li>\n<li><span class=\"\" data-index=\"14\"><strong>Culinaire hoogstandjes<\/strong> - Ervaar de unieke keuken en gastvrijheid van de lokale dorpelingen in de vervloekte bergen<\/span><\/li>\n<\/ul>\n<\/div><\/div><\/div><div class=\"fusion-layout-column fusion_builder_column fusion-builder-column-6 fusion_builder_column_1_2 1_2 fusion-flex-column\" style=\"--awb-bg-size:cover;--awb-width-large:50%;--awb-margin-top-large:0px;--awb-spacing-right-large:3.84%;--awb-margin-bottom-large:20px;--awb-spacing-left-large:3.84%;--awb-width-medium:100%;--awb-order-medium:0;--awb-spacing-right-medium:1.92%;--awb-spacing-left-medium:1.92%;--awb-width-small:100%;--awb-order-small:0;--awb-spacing-right-small:1.92%;--awb-spacing-left-small:1.92%;\"><div class=\"fusion-column-wrapper fusion-column-has-shadow fusion-flex-justify-content-flex-start fusion-content-layout-column\"><div class=\"fusion-title title fusion-title-5 fusion-title-text fusion-title-size-three\" style=\"--awb-text-color:var(--awb-custom_color_2);--awb-margin-top:20px;--awb-margin-bottom:20px;--awb-margin-top-small:0px;--awb-margin-right-small:0px;--awb-margin-bottom-small:20px;--awb-margin-left-small:0px;--awb-sep-color:var(--awb-custom_color_2);--awb-font-size:30px;\"><div class=\"title-sep-container title-sep-container-left fusion-no-large-visibility fusion-no-medium-visibility fusion-no-small-visibility\"><div class=\"title-sep sep-single sep-solid\" style=\"border-color:var(--awb-custom_color_2);\"><\/div><\/div><span class=\"awb-title-spacer fusion-no-large-visibility fusion-no-medium-visibility fusion-no-small-visibility\"><\/span><h3 class=\"fusion-title-heading title-heading-left fusion-responsive-typography-calculated\" style=\"margin:0;text-transform:uppercase;font-size:1em;--fontSize:30;line-height:1.4;\">Diensten<\/h3><span class=\"awb-title-spacer\"><\/span><div class=\"title-sep-container title-sep-container-right\"><div class=\"title-sep sep-single sep-solid\" style=\"border-color:var(--awb-custom_color_2);\"><\/div><\/div><\/div><div class=\"fusion-text fusion-text-9 fusion-text-no-margin\" style=\"--awb-text-transform:none;--awb-margin-top:20px;--awb-margin-bottom:40px;\"><p><strong>INBEGREPEN:<\/strong><\/p>\n<p><span class=\"\" data-index=\"0\"><strong>\u2713 <\/strong>Accommodatie in tweepersoons- en meerpersoonskamers<\/span><\/p>\n<p><span class=\"\" data-index=\"0\"><strong>\u2713 <\/strong><\/span>Bagagetransport tussen etappes (neem alleen je dagrugzak mee)<\/p>\n<p><span class=\"\" data-index=\"0\"><strong>\u2713<\/strong> Alle transfers tijdens de reis in priv\u00e9voertuigen<\/span><\/p>\n<p><span class=\"\" data-index=\"1\"> <strong>\u2713 <\/strong>alle maaltijden tijdens de trektocht (2e t\/m 9e dag drie maaltijden, <\/span><span data-index=\"2\">Dag 10 Ontbijt en lunchpakket)<\/span><\/p>\n<p><strong>\u2713 <\/strong>Engelssprekende rondleiding door een ervaren lokale wandelgids<\/p>\n<p><span data-index=\"5\"><strong>\u2713 <\/strong>Grensovergangsvergunningen (Border Permits)<\/span><\/p>\n<p><strong>Niet inbegrepen:<\/strong><\/p>\n<p>Vluchten, extra drankjes<\/p>\n<\/div><\/div><\/div><div class=\"fusion-layout-column fusion_builder_column fusion-builder-column-7 fusion_builder_column_1_2 1_2 fusion-flex-column\" style=\"--awb-bg-size:cover;--awb-width-large:50%;--awb-margin-top-large:0px;--awb-spacing-right-large:3.84%;--awb-margin-bottom-large:20px;--awb-spacing-left-large:3.84%;--awb-width-medium:100%;--awb-order-medium:0;--awb-spacing-right-medium:1.92%;--awb-spacing-left-medium:1.92%;--awb-width-small:100%;--awb-order-small:0;--awb-spacing-right-small:1.92%;--awb-spacing-left-small:1.92%;\"><div class=\"fusion-column-wrapper fusion-column-has-shadow fusion-flex-justify-content-flex-start fusion-content-layout-column\"><div class=\"fusion-title title fusion-title-6 fusion-title-center fusion-title-text fusion-title-size-three\" style=\"--awb-text-color:var(--awb-custom_color_2);--awb-margin-top:20px;--awb-margin-bottom:20px;--awb-margin-top-small:0px;--awb-margin-right-small:0px;--awb-margin-bottom-small:20px;--awb-margin-left-small:0px;--awb-sep-color:var(--awb-custom_color_2);--awb-font-size:30px;\"><div class=\"title-sep-container title-sep-container-left\"><div class=\"title-sep sep-single sep-solid\" style=\"border-color:var(--awb-custom_color_2);\"><\/div><\/div><span class=\"awb-title-spacer\"><\/span><h3 class=\"fusion-title-heading title-heading-center fusion-responsive-typography-calculated\" style=\"margin:0;text-transform:uppercase;font-size:1em;--fontSize:30;line-height:1.4;\">Data 2026<\/h3><span class=\"awb-title-spacer\"><\/span><div class=\"title-sep-container title-sep-container-right\"><div class=\"title-sep sep-single sep-solid\" style=\"border-color:var(--awb-custom_color_2);\"><\/div><\/div><\/div><div class=\"fusion-text fusion-text-10 fusion-text-no-margin\" style=\"--awb-margin-top:20px;--awb-margin-bottom:40px;\"><p style=\"text-align: left;\"><strong>8 daagse rondreis <\/strong>(Tour begint altijd op zondag):<\/p>\n<p style=\"text-align: left;\">vanaf 24 mei 2026 - elke week een groepsreis tot 11 oktober 2026<\/p>\n<p><strong>12 daagse rondreis <\/strong>(Tour begint altijd op zondag):<\/p>\n<p>vanaf 07 juni 2026 elke week een groepsreis tot 27 september 2026<\/p>\n<p><strong>Waar kan ik de huidige beschikbaarheid van plaatsen vinden?<\/strong> Selecteer hiervoor de gewenste tour in het boekingsformulier verderop op de pagina via \u201eSelecteer Trip\u201c. In de volgende stap van het formulier kunt u via \u201eSelecteer datum\u201c de huidige beschikbaarheid van plaatsen bekijken. Hiervoor zijn geen persoonlijke gegevens nodig. Er wordt pas een reservering gemaakt als je de boeking met alle gegevens hebt verzonden. U ontvangt achteraf een factuur.<\/p>\n<p><strong><span style=\"color: #000000;\">Opmerking:<\/span><\/strong> De 12-daagse tour is erg populair en is meestal sneller volgeboekt.<\/p>\n<\/div><\/div><\/div><\/div><\/div><div class=\"fusion-fullwidth fullwidth-box fusion-builder-row-4 fusion-flex-container has-pattern-background has-mask-background nonhundred-percent-fullwidth non-hundred-percent-height-scrolling\" style=\"--awb-border-color:#eaeaea;--awb-border-radius-top-left:0px;--awb-border-radius-top-right:0px;--awb-border-radius-bottom-right:0px;--awb-border-radius-bottom-left:0px;--awb-padding-top:50px;--awb-padding-right:0px;--awb-padding-bottom:30px;--awb-padding-left:0px;--awb-background-color:var(--awb-color1);--awb-flex-wrap:wrap;\" ><div class=\"fusion-builder-row fusion-row fusion-flex-align-items-flex-end fusion-flex-content-wrap\" style=\"max-width:1248px;margin-left: calc(-4% \/ 2 );margin-right: calc(-4% \/ 2 );\"><div class=\"fusion-layout-column fusion_builder_column fusion-builder-column-8 fusion_builder_column_1_1 1_1 fusion-flex-column\" style=\"--awb-bg-color:var(--awb-color1);--awb-bg-color-hover:var(--awb-color1);--awb-bg-size:cover;--awb-width-large:100%;--awb-margin-top-large:0px;--awb-spacing-right-large:1.92%;--awb-margin-bottom-large:0px;--awb-spacing-left-large:1.92%;--awb-width-medium:100%;--awb-order-medium:0;--awb-spacing-right-medium:1.92%;--awb-spacing-left-medium:1.92%;--awb-width-small:100%;--awb-order-small:0;--awb-spacing-right-small:1.92%;--awb-spacing-left-small:1.92%;\" data-scroll-devices=\"small-visibility,medium-visibility,large-visibility\"><div class=\"fusion-column-wrapper fusion-column-has-shadow fusion-flex-justify-content-flex-start fusion-content-layout-column\"><div class=\"fusion-title title fusion-title-7 fusion-title-text fusion-title-size-two\" style=\"--awb-margin-bottom:30px;--awb-margin-top-small:0px;--awb-margin-right-small:0px;--awb-margin-bottom-small:20px;--awb-margin-left-small:0px;\"><div class=\"title-sep-container title-sep-container-left fusion-no-large-visibility fusion-no-medium-visibility fusion-no-small-visibility\"><div class=\"title-sep sep- sep-solid\" style=\"border-color:#e0dede;\"><\/div><\/div><span class=\"awb-title-spacer fusion-no-large-visibility fusion-no-medium-visibility fusion-no-small-visibility\"><\/span><h2 class=\"fusion-title-heading title-heading-left fusion-responsive-typography-calculated\" style=\"margin:0;--fontSize:28;line-height:1.57;\">Pieken van de Balkan Trail Tour - Route<\/h2><span class=\"awb-title-spacer\"><\/span><div class=\"title-sep-container title-sep-container-right\"><div class=\"title-sep sep- sep-solid\" style=\"border-color:#e0dede;\"><\/div><\/div><\/div><div class=\"accordian fusion-accordian\" style=\"margin-top:20px;--awb-margin-top:20px;--awb-padding-top:10px;--awb-padding-right:0px;--awb-padding-bottom:0px;--awb-padding-left:0px;--awb-border-size:0px;--awb-icon-size:18px;--awb-content-font-size:16px;--awb-icon-alignment:left;--awb-hover-color:#f4f4f4;--awb-border-color:#f2f2f2;--awb-background-color:var(--awb-color4);--awb-divider-color:var(--awb-color1);--awb-divider-hover-color:#e0dede;--awb-icon-color:var(--awb-color8);--awb-title-color:var(--awb-color2);--awb-content-color:var(--awb-color2);--awb-icon-box-color:#333333;--awb-toggle-hover-accent-color:var(--awb-custom_color_1);--awb-toggle-active-accent-color:var(--awb-custom_color_1);--awb-title-font-family:&quot;Open Sans&quot;;--awb-title-font-weight:700;--awb-title-font-style:normal;--awb-title-font-size:18px;--awb-content-font-family:&quot;Open Sans&quot;;--awb-content-font-style:normal;--awb-content-font-weight:400;\"><div class=\"panel-group fusion-toggle-icon-unboxed\" id=\"accordion-10709-1\"><div class=\"fusion-panel panel-default panel-2f0a9dbe7a024ca31 fusion-toggle-no-divider fusion-toggle-boxed-mode\" style=\"--awb-title-color:var(--awb-color8);--awb-content-color:#333333;\"><div class=\"panel-heading\"><h3 class=\"panel-title toggle\" id=\"toggle_2f0a9dbe7a024ca31\"><a aria-expanded=\"false\" aria-controls=\"2f0a9dbe7a024ca31\" role=\"button\" data-toggle=\"collapse\" data-parent=\"#accordion-10709-1\" data-target=\"#2f0a9dbe7a024ca31\" href=\"#2f0a9dbe7a024ca31\"><span class=\"fusion-toggle-icon-wrapper\" aria-hidden=\"true\"><i class=\"fa-fusion-box active-icon fa-chevron-down fas\" aria-hidden=\"true\"><\/i><i class=\"fa-fusion-box inactive-icon fa-angle-double-right fas\" aria-hidden=\"true\"><\/i><\/span><span class=\"fusion-toggle-heading\">12 dagen Pieken van de Balkan Tour met gids en 4 toppen, prijs: 1395 \u20ac p. p. (klik voor details)<\/span><\/a><\/h3><\/div><div id=\"2f0a9dbe7a024ca31\" class=\"panel-collapse collapse\" aria-labelledby=\"toggle_2f0a9dbe7a024ca31\"><div class=\"panel-body toggle-content fusion-clearfix\">\n<p>Deze <b>12 dagen wandelen<\/b> neemt je mee door drie landen: <b>Albani\u00eb, Kosovo en Montenegro<\/b>. We hebben de tour geoptimaliseerd om een aantal van de minder mooie secties te vermijden, en in plaats daarvan <b>Hoogtepunten zoals de berg Trekufiri, de berg Hajla, de Taljanka piek in de Grebaja vallei en de oversteek per veerboot over het Koman meer.<\/b> die naar onze mening bijzonder de moeite waard zijn.<\/p>\n<p><b>Hoogtepunten<\/b><\/p>\n<ul>\n<li>Overtocht per veerboot door het fjordachtige landschap van het Komani meer (ticket inbegrepen)<\/li>\n<li>Beklim 4 unieke toppen: Trekufiri, Hajla, Taljanka en Popadija<\/li>\n<li>Extra hoge bergetappe in Albani\u00eb achter de hoogste piek van Montenegro<\/li>\n<li>Meer tijd voor nauw contact met de lokale bevolking in bergdorpen &amp; herdershutten<\/li>\n<li>Adembenemend uitzicht op de Taljanka piek vanaf de hoge bergruggen rond de Grebaja vallei in Montenegro<\/li>\n<\/ul>\n<p><strong>Route en hoogtemeters:<\/strong><\/p>\n<p><strong>Dag 01:<\/strong> <strong>Groepstransfer van Tirana naar Shkoder (14:00) - korte briefing en diner - hotel\/priv\u00e9 (-\/-\/A)<\/strong><\/p>\n<p>Welkom op de Balkan! Je kunt je aansluiten bij de groepstransfer in Tirana (stadscentrum, 14:00 uur) of later op de luchthaven TIA, uiterlijk om 15:00 uur. In de namiddag bereik je Shkodra en het centraal gelegen hotel. Als de tijd het toelaat, klim dan naar Rozafa Castle en geniet van het fantastische uitzicht, een voorproefje van de komende dagen reizen door de Albanese Alpen.<\/p>\n<p>Daarna nodigt de stad je uit om een wandeling te maken door de voetgangerszone, die wordt omzoomd door burgerlijke herenhuizen die doen denken aan het glorieuze verleden van de stad. Dompel jezelf onder in de Italiaanse flair van de stad en meng je onder de mensen op de bazaar om gedroogd fruit en andere snacks te kopen. Na een heerlijk diner is er tijd om in detail te bespreken wat er de komende dagen op het programma staat. Maar blijf niet te laat op, want morgen ga je voor zonsopgang de bergen in!<\/p>\n<p><strong>Dag 02:<\/strong> <strong>Transfer naar Koman, overtocht met de veerboot naar Fierze, wandeling naar Valbona <\/strong><\/p>\n<p>7,5 km, 250 m stijgen, 50 m dalen - pension\/meerpersoonskamer (ontbijt\/lunchpakket\/diner)<\/p>\n<p>Een vroege start staat garant voor een prachtige rit door de Drin kloven naar het Komani meer. Het schilderachtige stuwmeer kronkelt als een Noorse fjord door steile rotswanden en is de mooiste route naar de Albanese Alpen. Rijd verder met de auto naar de hooglanden van het Valbona National Park, waar je stopt voor een lichte lunch in het stadje Bajram Curri. Aan het begin van de middag bereik je het dorp Valbona met zijn stenen torenhuizen.<\/p>\n<p>Een warming-up wandeling neemt je mee langs een kristalheldere beek door oude beukenbossen bezaaid met zoete aardbeien. Onderweg kun je pauzeren voor een duik in de ijskoude rivier of een afgelegen meertje. De wandeling eindigt bij het gezellige pension in het hoger gelegen Valbona. Vanavond geniet je van een stevige, zelfgemaakte maaltijd en een welverdiende rust na deze indrukwekkende kennismaking met het Vervloekte Gebergte.<\/p>\n<p><strong>Dag 03<\/strong>: <strong>Wandeling Valbone - Persllopit Pas - Cerem <\/strong><\/p>\n<p>ca. 8 uur - 14 km, 1200 m stijgen, 950 m dalen - pension\/meerpersoonskamer (F\/LP\/A)<\/p>\n<p>Na een korte pauze, een smakelijke lunch en een lunchpakket ga je vol energie op weg naar de eerste en langste beklimming van de wandeling. Terwijl je je een weg naar boven baant, word je beloond met een fantastisch uitzicht op de hoogste toppen van de Albanese Alpen. De Persllopi Pas (2.039 m) markeert het hoogste punt van de dag en de grens met Montenegro ligt bij de hoogste top van het land, de Kollata berg (2.534 m).<\/p>\n<p>Langs een unieke zogenaamde windgrot en door een karstlabyrint waar je goed ter been moet zijn, keer je terug naar Albani\u00eb, ervaar je enkele van de meest spectaculaire panorama's en ontmoet je herders op weg naar het nogal afgelegen dorp Cerem. Zonder gsm-ontvangst of elektriciteit is dit de laatste buitenpost voordat de echte wildernis begint. Als het weer het niet toelaat om de pas over te steken, kun je een kortere route door de Kollata-kloof nemen om het eenvoudige pension te bereiken.<\/p>\n<p><strong>Dag 04:<\/strong> <strong>Wandeling Cerem - Balqin - Doberdol <\/strong><\/p>\n<p>ca. 6 uur - 16 km, 1100 m stijgen, 450 m dalen - hut\/meerpersoonskamer (F\/LP\/A)<\/p>\n<p>De wandeling naar het hooggelegen drielandenpunt voert je over bloementapijten en af en toe over voormalig Joegoslavisch grondgebied. Onderweg kun je bosvruchten eten, de flora bewonderen en genieten van het adembenemende uitzicht op de Kolata (2.534 m).<\/p>\n<p>De hellingen zijn bezaaid met bergweiden waar je kunt ontspannen en de herders kunt ontmoeten onder het genot van koffie en raki. In de door gletsjers gevormde vallei van Doberdol (1750 meter) lopen de dieren vrij rond in de weiden en lijkt de tijd stil te staan. De lokale bevolking leeft nog steeds in harmonie met de natuur, net zoals de mensen dat vele jaren geleden deden. In de eenvoudige herdershutten geef je voor \u00e9\u00e9n nacht comfort op en krijg je er warme gastvrijheid voor terug. De familie bereidt de maaltijden en rond het kampvuur leer je meer over de seizoensgebonden levensstijl van de herders.<\/p>\n<p><strong>Dag 05:<\/strong> <strong>Wandeling Doberdol - Rosjkodolpas - Milishevc<\/strong><\/p>\n<p>ca. 5 uur - 12,5 km, 550 m stijgen, 525 m dalen - pension\/meerpersoonskamer (F\/LP\/A)<\/p>\n<p>Nadat je afscheid hebt genomen van je gastheren, klim je vanuit de vallei omhoog naar de berg Tromedja\/Trekufiri (2.366 m), terwijl de hutten en kuddes van Doberdol onder je met elke stap kleiner worden. Op de top smelten de grenzen van drie landen samen tot een weids panorama van eenzame grensgebieden.<\/p>\n<p>Aan de linkerkant ligt het altijd groene Babino Polje in Montenegro, aan de rechterkant duikt de hoogste top van Kosovo, de Gjeravica (2.656 m), abrupt van de hoogten van de Dinarische Alpen de Dukagjin-vlakte in. Je steekt de Roshkodolipas over en begint je afdaling naar Milishevc, een afgelegen zomerdorpje midden in een vredig dennenbos.<\/p>\n<p>De eenvoudige houten berghutten, die typerend zijn voor de bergdorpjes van het land, bieden verfrissingen, warme maaltijden, comfort en een welverdiende pauze na een lange dag.<\/p>\n<p><strong>Dag 06:<\/strong> <strong>Wandeling Milishevc - Rugova - Reka Allages <\/strong><\/p>\n<p>ca. 5 uur - 9 km, 500 m stijgen, 1250 m dalen - pension\/meerpersoonskamer (F\/LP\/A)<\/p>\n<p>De Lumbardhi bergkam (2.130 m) is de laatste hindernis die Milishevc scheidt van de Rugova-kloof. Het nauwelijks zichtbare pad van de Alpen naar de bergkam wordt beloond met een fantastisch uitzicht op de omliggende bergen. Verborgen achter de bergkam omringen uitgestrekte weilanden de artesische vijver aan de voet van de berg Red Rock (Guri i Kuq, 2.522 m).<\/p>\n<p>Achter deze zee van gras duikt de berg diep de Rugova-kloof in. Aan de andere kant belooft de kam van de Hajla ons morgen een panoramische wandeling. Een soms erg steil pad leidt door een kloof en oude bossen naar de bodem van de kloof. Hier nemen we een pauze voor een drankje en, als het weer het toelaat, een duik.<\/p>\n<p>Aan het einde van de dag brengt een korte transfer over een hobbelige weg je naar je vriendelijke gastheren in Reka e Allages.<\/p>\n<p><strong>Dag 07:\u00a0<\/strong> <strong>Reka Alleges - Mt Hajla (optioneel) - Drelaj <\/strong><\/p>\n<p>ca. 4-8 uur - 10-13 km, 525-1250 m stijgen, 525-1300 m dalen - pension\/meerpersoonskamer (F\/LP\/A)<\/p>\n<p>De route voert snel over weilanden en langs het bosbessenpad door een dicht dennenbos naar de voet van de berg Hajla (2.403 m). Vanaf de top van de 300 m hoge klif heb je een geweldig uitzicht tot aan het naburige land en de stad Rozaje. De beklimming is optioneel, je gids zal je helpen beslissen of je mee wilt doen. Je kunt ook besluiten om de dag kort te houden (&lt;5 uur). Dagdroom, lees een boek of bewonder de omringende flora. De kans om zeldzame planten zoals edelweiss of de Albanese lelie te ontdekken is nergens zo groot als hier!<\/p>\n<p>Vanaf de voet van de berg gaat de route verder op grote hoogte langs een nu ongebruikte weg naar het hoogste van de dertien Rugova-dorpen, Pepaj. Terwijl je door een rotsachtige kloof wandelt, omringd door hoge pijnbomen, kun je verschillende keren een glimp opvangen van het pittoreske dorpje Drelaj. Bij de accommodatie word je weer verwend met een heerlijk diner terwijl de familie het kampvuur in de tuin bereidt.<\/p>\n<p><strong>Dag 08:<\/strong> <strong>Wandeling Drelaj - Liqenat - Babino Polje <\/strong><\/p>\n<p>ca. 8 uur - 15 km, 11550 m stijgen, 1050 m dalen - pension\/meerpersoonskamer (F\/LP\/A)<\/p>\n<p>Na een rit van 30 minuten naar het startpunt rijden we door een idyllisch dennenbos naar het grote smaragdgroene meer Liqenat (1.850 m). De oevers zijn rijk aan alpiene flora en boven wacht het hoogste punt van de offici\u00eble route \u201ePieken van de Balkan\u201c, de Jelenka Pas (2.272 m). Na het passeren van een tweede meer volgt de lange klim naar de pas.<\/p>\n<p>De top nodigt uit tot een pauze, met een adembenemend uitzicht op de bergen boven Plav, Theth en Valbona. Daarachter verzamelen herders uit Roshkodol bessen en word je omringd door toppen van meer dan 2.500 meter. Het pad naar de Ravno Brdo Pas (2.178 m) is bijna vlak en biedt fantastisch therapeutisch wandelen en goede uitzichten. De laatste pas blijkt een geweldig uitkijkpunt te zijn voor de grillige pieken voor je en de weelderige groene vallei van Babino Polje eronder. Hier overnacht je aan de rand van de wildernis in eenvoudige maar zeer uitnodigende berghutten, waar de vriendelijke gastheren je laten kennismaken met de hoogtepunten van de traditionele Montenegrijnse thuiskeuken.<\/p>\n<p><strong>Dag 09:<\/strong> <strong>Rijden naar de Grebaja vallei, rondwandeling naar de Talkjanka top, Vusanje <\/strong><\/p>\n<p>ca. 6,5 uur - 12 km, 950 m stijgen, 950 m dalen - pension\/meerpersoonskamer (F\/LP\/A)<\/p>\n<p>De Grbaja-vallei is een van de indrukwekkendste valleien van de Balkan. s Ochtends rijd je de smalle vallei in die tussen de karsttorens van Karanfili (2.461 m) ligt. Deze berg is waarschijnlijk een van de meest ruige en dramatische toppen in het Prokletije-gebergte en een droom van veel bergbeklimmers. Terwijl je stijgt door een schaduwrijk, sprookjesachtig beukenbos, kom je bij een alpenweide omringd door verschillende pieken. Op het verbonden bergkampad kun je genieten van een reeks uitzichtpunten met als hoogtepunt de twee hoogste toppen, Popadija en Taljanka (2.056 m).<\/p>\n<p>Vanaf de top van de bergkam leidt een steile afdaling terug naar het schaduwrijke bospad waar de wandeling eindigt. Een transfer brengt je naar het door een familie gerunde pension in Vusanje. Hier nodigt de nabijgelegen Grla waterval uit tot een avondwandeling, terwijl het uitzicht op het Vervloekte Gebergte vanaf de veranda net zo mooi is.<\/p>\n<p><strong>Dag 10:<\/strong> <strong>Wandeling Vusanje - Pejapas - Theth <\/strong><\/p>\n<p>ca. 8 uur - 16,5 km, 1050 m stijgen, 1000 m dalen - pension\/meerpersoonskamer (F\/LP\/A)<\/p>\n<p>We rijden de Ropojana Vallei in, die is gevormd door een 26 kilometer lange gletsjer, en stoppen bij een leerlingvormige karstbron waar een ijskoude rivier uit de smeltende sneeuw hoog in de bergen ontspringt. De route gaat verder langs een opgedroogd meer, herdershutten en een verlaten militaire post naar het hart van de Albanese Alpen. Hier torent de hondentand van de berg Arapi (2.217 meter) hoog boven het nationale park Thethi uit en vormt de hoogste muur van de Balkan.<\/p>\n<p>Zodra je de Peja Pass (1.711 m) bereikt, beslist je gids of je de top kunt beklimmen. Degenen die ervoor kiezen om de uitdagende top, die alleen geschikt is voor ervaren en goed ter been zijnde wandelaars, niet aan te doen, kunnen op de pas rusten of op eigen gelegenheid aan de afdaling beginnen. Een steil, goed begaanbaar caravanpad leidt naar een plaatselijke waterpoel, gevolgd door een korte rit naar een pension in het centrum van het levendige dorp.<\/p>\n<p><strong>Dag 11:<\/strong> <strong>Wandeling Theth - Nderlyse, transfer naar Shkoder <\/strong><\/p>\n<p>ca. 2 uur - 8 km, 150 m stijgen, 400 m dalen - hotel\/priv\u00e9 (F\/LP\/A)<\/p>\n<p>In Theth kun je de beroemde kerk en de toren (Kulla) bezoeken, die bescherming bood aan mannen die bedreigd werden door bloedvetes. Het is de perfecte plek om je onder te dompelen in de geschiedenis van de \u201eKanun\u201c en meer te leren over het vroegere rechtssysteem van de hooglanden. Het wandelpad naar Nderlysaj begint hier ook. Langs waterkanalen klim je omhoog naar de beroemde Grunas waterval en vervolgens wandel je omlaag naar het rustigere gehucht Nderlysa, waar je kunt genieten van een stevige lunch.<\/p>\n<p>Je kunt de wandeling voortzetten naar de karstbron \u201eBlue Eye\u201c Theth of ter plaatse blijven en een ontspannende middag doorbrengen met zwemmen bij de door gletsjers gevormde rotsformaties. In de late namiddag rijd je terug naar Shkodra via de pittoreske Thore Pass (1.630 m) (75 km\/2 uur).<\/p>\n<p><strong>Dag 12:<\/strong> <strong>Transfer naar Tirana (luchthaven) - vertrek - (F\/-\/-)<\/strong><\/p>\n<p>Na het ontbijt kun je een wandeling maken in de voetgangerszone en misschien een paar souvenirs kopen. Je kunt je aansluiten bij de groepstransfer naar Tirana (luchthaven of stad). Als je je reis wilt verlengen, kun je de stad verkennen, de nabijgelegen stranden in Velipoja en Ulcinj (Montenegro) bezoeken, de moderne kant van Albani\u00eb ervaren in de hoofdstad Tirana of genieten van een strandvakantie aan de Albanese Rivi\u00e8ra.<\/p>\n<p><strong>Bij de prijs inbegrepen:<\/strong><\/p>\n<ul>\n<li>Alle accommodatie in tweepersoonskamers of gedeelde kamers: 2x hotel, 8x pension, 1x hut<\/li>\n<li>Alle transfers zoals aangegeven in het reisschema in priv\u00e9voertuigen<\/li>\n<li>Drie maaltijden per dag, te beginnen met het avondeten op de dag van aankomst en eindigend met het ontbijt op de dag van vertrek.<\/li>\n<li>Grensvergunningen (vergunningen voor grensoverschrijding)<\/li>\n<li><strong>Bagagetransport tussen de wandeletappes<\/strong><\/li>\n<li><strong>Groepstransfer van\/naar Tirana bij aankomst &amp; vertrek<\/strong><\/li>\n<li><b>Engelssprekende lokale wandelgids<\/b><\/li>\n<\/ul>\n<p><b>Niet inbegrepen in de prijs:<\/b><\/p>\n<p>Dranken, vluchten<\/p>\n<div ><a class=\"fusion-button button-flat button-\u201egro\u00df\u201c button-custom fusion-button-default button-3 fusion-button-span-ja fusion-button-default-type\" style=\"--awb-margin-right:;--button_accent_color:var(--awb-color1);--button_border_color:var(--awb-custom_color_2);--button_accent_hover_color:#ffffff;--button_border_hover_color:#000000;--button_border_width-top:0px;--button_border_width-right:\u201e0px\u201c;--button_border_width-bottom:0px;--button_border_width-left:0px;--button_gradient_start:0%;--button_gradient_top_color:var(--awb-custom_color_2);--button_gradient_bottom_color:var(--awb-custom_color_2);--button_gradient_top_color_hover:#000000;--button_gradient_bottom_color_hover:#000000;--button_text_transform:Gro\u00dfbuchstaben;\" target=\"_self\" href=\"https:\/\/www.abenteueralbanien.de\/nl\/toppen-van-de-balkan-rondleiding\/#GUIDED\"><span class=\"fusion-button-text awb-button__text awb-button__text--default\">RESERVEER NU<\/span><\/a><\/div>\n<\/div><\/div><\/div><div class=\"fusion-panel panel-default panel-99400e06ef52e5812 fusion-toggle-no-divider fusion-toggle-boxed-mode\" style=\"--awb-title-color:var(--awb-color8);--awb-content-color:#333333;\"><div class=\"panel-heading\"><h3 class=\"panel-title toggle\" id=\"toggle_99400e06ef52e5812\"><a aria-expanded=\"false\" aria-controls=\"99400e06ef52e5812\" role=\"button\" data-toggle=\"collapse\" data-parent=\"#accordion-10709-1\" data-target=\"#99400e06ef52e5812\" href=\"#99400e06ef52e5812\"><span class=\"fusion-toggle-icon-wrapper\" aria-hidden=\"true\"><i class=\"fa-fusion-box active-icon fa-chevron-down fas\" aria-hidden=\"true\"><\/i><i class=\"fa-fusion-box inactive-icon fa-angle-double-right fas\" aria-hidden=\"true\"><\/i><\/span><span class=\"fusion-toggle-heading\">8 dagen Hoogtepunten van de Balkan incl. Komanmeer &amp; Grebaja vallei, prijs: 1045 \u20ac p. p.<\/span><\/a><\/h3><\/div><div id=\"99400e06ef52e5812\" class=\"panel-collapse collapse\" aria-labelledby=\"toggle_99400e06ef52e5812\"><div class=\"panel-body toggle-content fusion-clearfix\">\n<p>De <b>8 daagse rondreis<\/b> door de Vervloekte Bergen is voor diegenen die de voorkeur geven aan een kortere rondwandeling door de toppen van de Balkan, maar zonder de boottocht door het fjordachtige landschap van het Comameer te missen. De route neemt een <b>Kortere route van Albani\u00eb naar Montenegro, zonder Kosovo, met alle hoogtepunten van de route<\/b>.<\/p>\n<p><strong>Hoogtepunten<\/strong><\/p>\n<ul>\n<li>Ferry overtocht op het Komani meer (ticket inbegrepen)<\/li>\n<li>Beklim de Trekufiri en geniet van het unieke uitzicht op drie landen.<\/li>\n<li>Wandel van Theth naar Valbone, het hoogtepunt van de Albanese Alpen met een spectaculair uitzicht op de Valbona-vallei.<\/li>\n<li>Wandel van Vusanje naar Theth, waar je kunt zien hoe de grenzen tijdens de Koude Oorlog werden bewaakt met afgelegen bunkers.<\/li>\n<\/ul>\n<p><strong>Routebeschrijving<\/strong><\/p>\n<p>Dag 01: Luchthaventransfer &amp; aankomst in Shkoder - Hotel\/priv\u00e9 (-\/-\/A)<\/p>\n<p>Dag 02: Transfer naar Koman, ferry overtocht naar Fierze, wandeling naar Valbone (7,5 km, 250 m stijgen, 50 m dalen) - pension\/meerpersoonskamer (ontbijt\/verpakte lunch\/diner)<\/p>\n<p>Dag 03: Transfer naar Cerem, wandeling Cerem - Doberdol (ca. 6 uur - 16 km, 1100 meter stijgen, 450 meter dalen) - pension\/meerpersoonskamer (F\/LP\/A)<\/p>\n<p>Dag 04: Wandeling Doberdol - Mt. Trekufiri - Meer Hrid - Bajrovica Katun (ca. 5 uur - 13 km, 675 meter stijgen, 725 meter dalen) - hut\/meerpersoonskamer (F\/LP\/A)<\/p>\n<p>Dag 05: Transfer naar de Grebaja vallei, rondwandeling naar Taljanka top, Vusanje (ca. 6,5 uur - 12 km, 950 meter stijgen, 950 meter dalen) - pension\/meerpersoonskamer (F\/LP\/A)<\/p>\n<p>Dag 06: Wandeling Vusanje - Peja Pas - Theth (ca. 8 uur - 16,5 km, 1050 meter stijgen, 1000 meter dalen) - pension\/meerpersoonskamer (F\/LP\/A)<\/p>\n<p>Dag 07: Wandeling Theth - Nderlyse (Blue Eye Theth), transfer naar Shkoder (ca. 2 uur - 8 km, 150 meter stijgen, 400 meter dalen) - hotel\/priv\u00e9 (F\/LP\/A)<\/p>\n<p>Dag 08: Transfer naar Tirana (luchthaven) - Vertrek - (F\/-\/-)<\/p>\n<p><strong>Bij de prijs inbegrepen:<\/strong><\/p>\n<ul>\n<li>Accommodatie in priv\u00e9kamers: 2x hotel, 7x pension, 1x hut<\/li>\n<li>Alle transfers zoals aangegeven in het reisschema in priv\u00e9voertuigen<\/li>\n<li>Maaltijden (8x ontbijt, 7x lunchpakket, 7x avondeten)<\/li>\n<li>Grensvergunningen (vergunningen voor grensoverschrijding)<\/li>\n<li><strong>Bagagetransport tussen de wandeletappes<\/strong><\/li>\n<li><strong>Luchthaventransfers bij aankomst &amp; vertrek, meet &amp; greet met briefing bij aankomst (TIA)<\/strong><\/li>\n<\/ul>\n<p><b>Niet inbegrepen in de prijs:<\/b><\/p>\n<p>Dranken, vluchten<\/p>\n<div ><a class=\"fusion-button button-flat button-\u201elarge\u201c button-custom fusion-button-default button-4 fusion-button-span-yes fusion-button-default-type\" style=\"--awb-margin-right:;--button_accent_color:var(--awb-color1);--button_border_color:var(--awb-custom_color_2);--button_accent_hover_color:#ffffff;--button_border_hover_color:#000000;--button_border_width-top:0px;--button_border_width-right:\u201e0px\u201c;--button_border_width-bottom:0px;--button_border_width-left:0px;--button_gradient_start:0%;--button_gradient_top_color:var(--awb-custom_color_2);--button_gradient_bottom_color:var(--awb-custom_color_2);--button_gradient_top_color_hover:#000000;--button_gradient_bottom_color_hover:#000000;--button_text_transform:uppercase;\" target=\"_self\" href=\"https:\/\/www.abenteueralbanien.de\/nl\/toppen-van-de-balkan-rondleiding\/#GUIDED\"><span class=\"fusion-button-text awb-button__text awb-button__text--default\">RESERVEER NU<\/span><\/a><\/div>\n<\/div><\/div><\/div><\/div><\/div><\/div><\/div><div class=\"fusion-layout-column fusion_builder_column fusion-builder-column-9 fusion_builder_column_1_1 1_1 fusion-flex-column\" style=\"--awb-bg-size:cover;--awb-width-large:100%;--awb-margin-top-large:50px;--awb-spacing-right-large:1.92%;--awb-margin-bottom-large:20px;--awb-spacing-left-large:1.92%;--awb-width-medium:100%;--awb-order-medium:0;--awb-spacing-right-medium:1.92%;--awb-spacing-left-medium:1.92%;--awb-width-small:100%;--awb-order-small:0;--awb-spacing-right-small:1.92%;--awb-spacing-left-small:1.92%;\" data-scroll-devices=\"small-visibility,medium-visibility,large-visibility\"><div class=\"fusion-column-wrapper fusion-column-has-shadow fusion-flex-justify-content-flex-start fusion-content-layout-column\"><div style=\"text-align:center;\"><a class=\"fusion-button button-flat button-xlarge button-custom fusion-button-default button-5 fusion-button-span-yes fusion-button-default-type\" style=\"--awb-margin-top:0px;--awb-margin-right:0px;--awb-margin-bottom:0px;--awb-margin-left:0px;--button_accent_color:var(--awb-color1);--button_border_color:#ffffff;--button_accent_hover_color:var(--awb-color1);--button_border_hover_color:#ffffff;--button_border_width-top:0px;--button_border_width-right:0px;--button_border_width-bottom:0px;--button_border_width-left:0px;--button_gradient_top_color:var(--awb-custom_color_2);--button_gradient_bottom_color:var(--awb-custom_color_2);--button_gradient_top_color_hover:var(--awb-color5);--button_gradient_bottom_color_hover:var(--awb-color5);--button_text_transform:uppercase;\" target=\"_self\" title=\"TOPPEN VAN DE BALKAN MET GIDS BOEKEN\" aria-label=\"TOPPEN VAN DE BALKAN MET GIDS BOEKEN\" href=\"https:\/\/www.abenteueralbanien.de\/nl\/toppen-van-de-balkan-rondleiding\/#GUIDED\"><i class=\"fa-angle-double-right fas awb-button__icon awb-button__icon--default button-icon-left\" aria-hidden=\"true\"><\/i><span class=\"fusion-button-text awb-button__text awb-button__text--default\">BOEK NU EEN TOUR!<\/span><\/a><\/div><\/div><\/div><\/div><\/div><div class=\"fusion-fullwidth fullwidth-box fusion-builder-row-5 fusion-flex-container nonhundred-percent-fullwidth non-hundred-percent-height-scrolling\" style=\"--awb-border-radius-top-left:0px;--awb-border-radius-top-right:0px;--awb-border-radius-bottom-right:0px;--awb-border-radius-bottom-left:0px;--awb-flex-wrap:wrap;\" ><div class=\"fusion-builder-row fusion-row fusion-flex-align-items-flex-start fusion-flex-content-wrap\" style=\"max-width:1248px;margin-left: calc(-4% \/ 2 );margin-right: calc(-4% \/ 2 );\"><div class=\"fusion-layout-column fusion_builder_column fusion-builder-column-10 fusion_builder_column_1_1 1_1 fusion-flex-column\" style=\"--awb-bg-size:cover;--awb-width-large:100%;--awb-margin-top-large:0px;--awb-spacing-right-large:1.92%;--awb-margin-bottom-large:20px;--awb-spacing-left-large:1.92%;--awb-width-medium:100%;--awb-order-medium:0;--awb-spacing-right-medium:1.92%;--awb-spacing-left-medium:1.92%;--awb-width-small:100%;--awb-order-small:0;--awb-spacing-right-small:1.92%;--awb-spacing-left-small:1.92%;\"><div class=\"fusion-column-wrapper fusion-column-has-shadow fusion-flex-justify-content-flex-start fusion-content-layout-column\"><div class=\"fusion-menu-anchor\" id=\"GUIDED\"><\/div><div class=\"fusion-separator fusion-full-width-sep\" style=\"align-self: center;margin-left: auto;margin-right: auto;width:100%;\"><div class=\"fusion-separator-border sep-single sep-solid\" style=\"--awb-height:20px;--awb-amount:20px;border-color:#e0dede;border-top-width:1px;\"><\/div><\/div><div class=\"fusion-text fusion-text-11 fusion-text-no-margin\" style=\"--awb-margin-top:50px;--awb-margin-bottom:50px;\"><p style=\"text-align: center;\">Voor deze reis werken we samen met ons partnerbureau met kantoren in Tirana, Albani\u00eb. Onze collega's bieden begeleide wandelingen aan in het drielandenpunt, het agentschap wordt gerund door een Duitser. Je kunt het boekingsformulier hieronder gebruiken om te reserveren. Betaling geschiedt achteraf per bankoverschrijving. Selecteer een tour via \u201eSelecteer Tour\u201c en volg dan de instructies op het formulier. Wij nemen dan direct per e-mail contact met je op. Hier heb je ook de mogelijkheid om vragen te stellen. Antwoorden op veelgestelde vragen vind je in de FAQ onderaan deze pagina. Je kunt ons natuurlijk ook bellen.<\/p>\n<\/div><div class=\"fusion-text fusion-text-12\"><h3 style=\"text-align: center;\">Veldrapporten:<\/h3>\n<h2 class=\"elementor-heading-title elementor-size-default elementor-inline-editing pen\" style=\"text-align: left;\" contenteditable=\"true\" spellcheck=\"false\" data-elementor-setting-key=\"title\" data-pen-placeholder=\"Type Here...\" data-lt-tmp-id=\"lt-745135\" data-gramm=\"false\"><a href=\"https:\/\/www.tripadvisor.com\/Attraction_Review-g294446-d10209646-Reviews-Zbulo_Discover_Albania-Tirana_Tirana_County.html\" target=\"_blank\" rel=\"noopener\"><img decoding=\"async\" class=\"lazyload aligncenter wp-image-22497 size-large\" src=\"https:\/\/www.abenteueralbanien.de\/wp-content\/uploads\/2026\/01\/Zbulo-Reviews-Tripadvisor-1024x309.png\" data-orig-src=\"https:\/\/www.abenteueralbanien.de\/wp-content\/uploads\/2026\/01\/Zbulo-Reviews-Tripadvisor-1024x309.png\" alt=\"Tripadvisor-getuigenissen \" width=\"1024\" height=\"309\" srcset=\"data:image\/svg+xml,%3Csvg%20xmlns%3D%27http%3A%2F%2Fwww.w3.org%2F2000%2Fsvg%27%20width%3D%271024%27%20height%3D%27309%27%20viewBox%3D%270%200%201024%20309%27%3E%3Crect%20width%3D%271024%27%20height%3D%27309%27%20fill-opacity%3D%220%22%2F%3E%3C%2Fsvg%3E\" data-srcset=\"https:\/\/www.abenteueralbanien.de\/wp-content\/uploads\/2026\/01\/Zbulo-Reviews-Tripadvisor-18x5.png 18w, https:\/\/www.abenteueralbanien.de\/wp-content\/uploads\/2026\/01\/Zbulo-Reviews-Tripadvisor-200x60.png 200w, https:\/\/www.abenteueralbanien.de\/wp-content\/uploads\/2026\/01\/Zbulo-Reviews-Tripadvisor-300x90.png 300w, https:\/\/www.abenteueralbanien.de\/wp-content\/uploads\/2026\/01\/Zbulo-Reviews-Tripadvisor-400x121.png 400w, https:\/\/www.abenteueralbanien.de\/wp-content\/uploads\/2026\/01\/Zbulo-Reviews-Tripadvisor-600x181.png 600w, https:\/\/www.abenteueralbanien.de\/wp-content\/uploads\/2026\/01\/Zbulo-Reviews-Tripadvisor-768x232.png 768w, https:\/\/www.abenteueralbanien.de\/wp-content\/uploads\/2026\/01\/Zbulo-Reviews-Tripadvisor-800x241.png 800w, https:\/\/www.abenteueralbanien.de\/wp-content\/uploads\/2026\/01\/Zbulo-Reviews-Tripadvisor.png 1024w\" data-sizes=\"auto\" data-orig-sizes=\"(max-width: 1024px) 100vw, 1024px\" \/><\/a><\/h2>\n<\/div><div style=\"text-align:center;\"><a class=\"fusion-button button-flat button-medium button-custom fusion-button-default button-6 fusion-button-default-span fusion-button-default-type\" style=\"--awb-margin-top:0px;--awb-margin-right:0px;--awb-margin-bottom:30px;--awb-margin-left:0px;--button_accent_color:var(--awb-color8);--button_border_color:#ffffff;--button_accent_hover_color:var(--awb-color1);--button_border_hover_color:#ffffff;--button_border_width-top:0px;--button_border_width-right:0px;--button_border_width-bottom:0px;--button_border_width-left:0px;--button-border-radius-top-left:100px;--button-border-radius-top-right:100px;--button-border-radius-bottom-right:100px;--button-border-radius-bottom-left:100px;--button_gradient_top_color:var(--awb-color4);--button_gradient_bottom_color:var(--awb-color4);--button_gradient_top_color_hover:var(--awb-color5);--button_gradient_bottom_color_hover:var(--awb-color5);--button_text_transform:uppercase;\" target=\"_self\" href=\"https:\/\/www.tripadvisor.com\/Attraction_Review-g294446-d10209646-Reviews-Zbulo_Discover_Albania-Tirana_Tirana_County.html\" rel=\"noopener\"><span class=\"fusion-button-text awb-button__text awb-button__text--default\">Bekijk alle getuigenissen<\/span><\/a><\/div><div class=\"fusion-separator fusion-full-width-sep\" style=\"align-self: center;margin-left: auto;margin-right: auto;margin-bottom:20px;width:100%;\"><div class=\"fusion-separator-border sep-single sep-solid\" style=\"--awb-height:20px;--awb-amount:20px;border-color:#e0dede;border-top-width:1px;\"><\/div><\/div><\/div><\/div><div class=\"fusion-layout-column fusion_builder_column fusion-builder-column-11 fusion_builder_column_1_1 1_1 fusion-flex-column\" style=\"--awb-padding-top:30px;--awb-overflow:hidden;--awb-bg-color:var(--awb-color4);--awb-bg-color-hover:var(--awb-color4);--awb-bg-size:cover;--awb-box-shadow:0px 5px 10px 0px ;;--awb-border-color:var(--awb-custom_color_1);--awb-border-top:1px;--awb-border-bottom:1px;--awb-border-style:solid;--awb-border-radius:8px 8px 8px 8px;--awb-width-large:100%;--awb-margin-top-large:0px;--awb-spacing-right-large:1.92%;--awb-margin-bottom-large:20px;--awb-spacing-left-large:1.92%;--awb-width-medium:100%;--awb-order-medium:0;--awb-spacing-right-medium:1.92%;--awb-spacing-left-medium:1.92%;--awb-width-small:100%;--awb-order-small:0;--awb-spacing-right-small:1.92%;--awb-spacing-left-small:1.92%;\" data-scroll-devices=\"small-visibility,medium-visibility,large-visibility\"><div class=\"fusion-column-wrapper fusion-column-has-shadow fusion-flex-justify-content-flex-start fusion-content-layout-column\"><div\n  style=\"width:100%;height:500px;padding:0;margin:0;\"\n  data-fillout-id=\"mPMM3voynuus\"\n  data-fillout-embed-type=\"standard\"\n  data-fillout-inherit-parameters\n data-fillout-dynamic-resize\n data-fillout-domain=\"form.zbulo.org\"\n  data-ref=\"recPvXM6CGaEclM8T\"\n  data-widget=\"aa3\"\n><\/div>\n<script src=\"https:\/\/server.fillout.com\/embed\/v1\/\"><\/script><\/div><\/div><div class=\"fusion-layout-column fusion_builder_column fusion-builder-column-12 fusion_builder_column_1_1 1_1 fusion-flex-column\" style=\"--awb-bg-size:cover;--awb-width-large:100%;--awb-margin-top-large:0px;--awb-spacing-right-large:1.92%;--awb-margin-bottom-large:20px;--awb-spacing-left-large:1.92%;--awb-width-medium:100%;--awb-order-medium:0;--awb-spacing-right-medium:1.92%;--awb-spacing-left-medium:1.92%;--awb-width-small:100%;--awb-order-small:0;--awb-spacing-right-small:1.92%;--awb-spacing-left-small:1.92%;\"><div class=\"fusion-column-wrapper fusion-column-has-shadow fusion-flex-justify-content-flex-start fusion-content-layout-column\"><\/div><\/div><\/div><\/div><div class=\"fusion-fullwidth fullwidth-box fusion-builder-row-6 fusion-flex-container has-pattern-background has-mask-background nonhundred-percent-fullwidth non-hundred-percent-height-scrolling\" style=\"--awb-border-radius-top-left:0px;--awb-border-radius-top-right:0px;--awb-border-radius-bottom-right:0px;--awb-border-radius-bottom-left:0px;--awb-margin-top:100px;--awb-margin-bottom:50px;--awb-flex-wrap:wrap;\" ><div class=\"fusion-builder-row fusion-row fusion-flex-align-items-flex-start fusion-flex-content-wrap\" style=\"max-width:1248px;margin-left: calc(-4% \/ 2 );margin-right: calc(-4% \/ 2 );\"><div class=\"fusion-layout-column fusion_builder_column fusion-builder-column-13 fusion_builder_column_1_1 1_1 fusion-flex-column\" style=\"--awb-bg-size:cover;--awb-width-large:100%;--awb-margin-top-large:0px;--awb-spacing-right-large:1.92%;--awb-margin-bottom-large:20px;--awb-spacing-left-large:1.92%;--awb-width-medium:100%;--awb-order-medium:0;--awb-spacing-right-medium:1.92%;--awb-spacing-left-medium:1.92%;--awb-width-small:100%;--awb-order-small:0;--awb-spacing-right-small:1.92%;--awb-spacing-left-small:1.92%;\"><div class=\"fusion-column-wrapper fusion-column-has-shadow fusion-flex-justify-content-flex-start fusion-content-layout-column\"><div class=\"fusion-person person fusion-person-center fusion-person-1 fusion-person-icon-bottom\" style=\"--awb-pic-style-color:#000000;--awb-pic-borderradius:0px;--awb-margin-top:0px;--awb-margin-right:0px;--awb-margin-bottom:30px;--awb-margin-left:0px;--awb-social-box-border-top:0px;--awb-social-box-border-right:0px;--awb-social-box-border-bottom:0px;--awb-social-box-border-left:0px;--awb-social-box-border-color:var(--awb-color3);--awb-social-box-border-color-hover:var(--awb-color4);--awb-social-box-colors-hover:rgba(197,197,215,0.8);--awb-social-icon-boxed-colors:var(--awb-color5);--awb-social-icon-colors:var(--awb-color6);--awb-social-icon-colors-hover:rgba(255,255,255,0.8);\"><div class=\"person-shortcode-image-wrapper\"><div class=\"person-image-container hover-type-none\" style=\"border:4px solid #f6f6f6;-webkit-border-radius:0px;-moz-border-radius:0px;border-radius:0px;\"><img decoding=\"async\" class=\"lazyload person-img img-responsive wp-image-4619\" width=\"300\" height=\"333\" src=\"https:\/\/www.abenteueralbanien.de\/wp-content\/uploads\/2022\/02\/DP_Albanien.jpg\" data-orig-src=\"https:\/\/www.abenteueralbanien.de\/wp-content\/uploads\/2022\/02\/DP_Albanien.jpg\" alt=\"Je reisadviseur\" srcset=\"data:image\/svg+xml,%3Csvg%20xmlns%3D%27http%3A%2F%2Fwww.w3.org%2F2000%2Fsvg%27%20width%3D%27300%27%20height%3D%27333%27%20viewBox%3D%270%200%20300%20333%27%3E%3Crect%20width%3D%27300%27%20height%3D%27333%27%20fill-opacity%3D%220%22%2F%3E%3C%2Fsvg%3E\" data-srcset=\"https:\/\/www.abenteueralbanien.de\/wp-content\/uploads\/2022\/02\/DP_Albanien-200x222.jpg 200w, https:\/\/www.abenteueralbanien.de\/wp-content\/uploads\/2022\/02\/DP_Albanien.jpg 300w\" data-sizes=\"auto\" data-orig-sizes=\"(max-width: 1024px) 100vw, (max-width: 640px) 100vw, 300px\" \/><\/div><\/div><div class=\"person-desc\"><div class=\"person-author\"><div class=\"person-author-wrapper\"><span class=\"person-name\">Je reisadviseur<\/span><span class=\"person-title\">Dirk Pohlers<\/span><\/div><\/div><div class=\"person-content fusion-clearfix\">Bel ons gewoon (ma-vr, 10.00-18.00 uur)<br \/>\n+49 1766 6893313<\/div><div class=\"fusion-social-networks boxed-icons\"><div class=\"fusion-social-networks-wrapper\"><a class=\"fusion-social-network-icon fusion-tooltip fusion-whatsapp awb-icon-whatsapp custom\" aria-label=\"fusie-whatsapp\" href=\"https:\/\/wa.me\/4917666893313\" target=\"_blank\" rel=\"noopener noreferrer\" style=\"color:var(--awb-color6);background-color:var(--awb-color5);border-color:var(--awb-color3);border-radius:2px;font-size:16px;padding:8px;\" data-placement=\"top\" data-title=\"Whatsapp\" title=\"Whatsapp\" data-toggle=\"tooltip\"><\/a><a class=\"fusion-social-network-icon fusion-tooltip fusion-phone awb-icon-phone custom\" aria-label=\"fusion-telefoon\" href=\"tel:+4917666893313\" target=\"_self\" style=\"color:var(--awb-color6);background-color:var(--awb-color5);border-color:var(--awb-color3);border-radius:2px;font-size:16px;padding:8px;\" data-placement=\"top\" data-title=\"Phone\" title=\"Telefoon\" data-toggle=\"tooltip\"><\/a><\/div><\/div><\/div><\/div><div class=\"fusion-title title fusion-title-8 fusion-title-text fusion-title-size-two\" style=\"--awb-margin-top-small:0px;--awb-margin-right-small:0px;--awb-margin-bottom-small:20px;--awb-margin-left-small:0px;\"><div class=\"title-sep-container title-sep-container-left fusion-no-large-visibility fusion-no-medium-visibility fusion-no-small-visibility\"><div class=\"title-sep sep- sep-solid\" style=\"border-color:#e0dede;\"><\/div><\/div><span class=\"awb-title-spacer fusion-no-large-visibility fusion-no-medium-visibility fusion-no-small-visibility\"><\/span><h2 class=\"fusion-title-heading title-heading-left fusion-responsive-typography-calculated\" style=\"margin:0;--fontSize:28;line-height:1.57;\">Reisinformatie \/ Veelgestelde vragen<\/h2><span class=\"awb-title-spacer\"><\/span><div class=\"title-sep-container title-sep-container-right\"><div class=\"title-sep sep- sep-solid\" style=\"border-color:#e0dede;\"><\/div><\/div><\/div><div class=\"fusion-text fusion-text-13\"><h4>Moeilijkheid<\/h4>\n<p>Voor wandelingen in bergachtig en alpien terrein is het belangrijk dat je fit bent en eerdere trekkingervaring wordt aanbevolen. Dit is echter niet absoluut noodzakelijk, zolang je maar zeker bent van je fysieke conditie en goed ter been bent. De <strong>Wandeldagen duren meestal tussen 5 en 8 uur<\/strong>, maar kan ook langer zijn als er passen of toppen moeten worden overgestoken (meestal optioneel). De dagelijkse <strong>Stijgingen gemiddeld rond 900 m tot 1.000 m<\/strong>, op sommige dagen misschien 1.100 m tot 1.300 m.<\/p>\n<h4>Aankomst\/Vertrek<\/h4>\n<p>Groepstransfer van Tirana naar Shkodra op de dag van aankomst:<\/p>\n<ul>\n<li>14:00 vanuit het centrum van Tirana<\/li>\n<li>15:00 vanaf luchthaven Tirana<\/li>\n<\/ul>\n<p>Groepstransfer van Shkodra naar de luchthaven\/stad Tirana op de dag van vertrek:<\/p>\n<ul>\n<li>Vertrek na het ontbijt tussen 9 en 10 uur.<\/li>\n<li>Aankomst op de luchthaven van Tirana uiterlijk om 12:00 uur.<\/li>\n<\/ul>\n<h4><span class=\"ng-star-inserted\" data-index=\"2\">Overschrijvingen<br \/>\n<\/span><\/h4>\n<p><span class=\"ng-star-inserted\" data-index=\"3\">Alle transfers zijn in priv\u00e9voertuigen,<\/span><span class=\"ng-star-inserted\" data-index=\"4\"> met een gewone auto of met een voertuig met vierwielaandrijving, afhankelijk van de toestand van de weg. <\/span><\/p>\n<h4><span class=\"ng-star-inserted\" data-index=\"6\">Voedsel &amp; Water<\/span><\/h4>\n<p><span class=\"ng-star-inserted\" data-index=\"7\">Het eten in dit deel van de wereld is iets waar je aan het eind van elke dag reikhalzend naar uitkijkt. <\/span><span class=\"ng-star-inserted\" data-index=\"8\">De gerechten worden vers bereid op traditionele wijze en worden gekenmerkt door een mix van Balkan, Turkse en Europese invloeden. <\/span><span class=\"ng-star-inserted\" data-index=\"9\">Gasthuizen serveren zelfgebakken brood met lokaal geteelde groenten, zuivelproducten en eieren. <\/span><\/p>\n<p><strong>Veel gerechten zijn standaard vegetarisch<\/strong>, en vlees wordt meestal apart geserveerd als bijgerecht. Laat het ons weten als je een veganistisch, lactosevrij of glutenvrij dieet wilt. Dit is over het algemeen geen probleem.<\/p>\n<p><span class=\"ng-star-inserted\" data-index=\"14\">Neem je eigen waterfles mee om bij te vullen voor de wandeling. <\/span><span class=\"ng-star-inserted\" data-index=\"15\">Je kunt water krijgen uit bergbeekjes of kraanwater in de gastenverblijven, beide van drinkwaterkwaliteit. <\/span><span class=\"ng-star-inserted\" data-index=\"16\">Als je je zorgen maakt over het drinken van onbehandeld water, raden we je aan om waterzuiveringstabletten mee te nemen.<\/span><\/p>\n<h4><span class=\"ng-star-inserted\" data-index=\"17\">Accommodatie<\/span><\/h4>\n<p>De eerste en laatste nacht van de reis breng je door in <strong>Shkod\u00ebr in een 3-sterren hotel<\/strong> in twin-\/dubbelkamers met eigen badkamer. Als je de voorkeur geeft aan een eenpersoonskamer voor deze twee nachten, kun je dit als \u201eadd-on\u201c toevoegen in het boekingsformulier (ca. \u20ac70).<\/p>\n<p><strong>Tijdens de wandeling in de bergen<\/strong> we overnachten in <strong>Pensions en hutten<\/strong>, waar kamers worden gedeeld met andere groepsleden, maar niet met andere reizigers.<\/p>\n<p><span class=\"ng-star-inserted\" data-index=\"21\">Beddengoed en dekens, handdoeken, shampoo en andere basisbenodigdheden worden door de gasthuizen verstrekt. We raden je echter aan om voor de zekerheid een handdoek en een huttenslaapzak mee te nemen. Het kan soms erg fris zijn in het bergdorp Doberdol.<\/span><\/p>\n<h4>Bagagevervoer<\/h4>\n<p>Tijdens de wandelingen draag je alleen een lichte dagrugzak (we raden 20-35 liter aan) met de dingen die je overdag nodig hebt (warme kleding, bescherming tegen regen\/wind\/zon, water, lunch en persoonlijke spullen). De rest van je bagage wordt met een voertuig van de ene accommodatie naar de andere gebracht.<\/p>\n<p><img decoding=\"async\" class=\"lazyload alignnone size-large wp-image-23436\" src=\"https:\/\/www.abenteueralbanien.de\/wp-content\/uploads\/2026\/02\/Gepaecktransport-Peaks-of-the-Balkans-1024x768.jpg\" data-orig-src=\"https:\/\/www.abenteueralbanien.de\/wp-content\/uploads\/2026\/02\/Gepaecktransport-Peaks-of-the-Balkans-1024x768.jpg\" alt=\"Bagagetransport toppen van de Balkan met paarden of muilezels\" width=\"1024\" height=\"768\" srcset=\"data:image\/svg+xml,%3Csvg%20xmlns%3D%27http%3A%2F%2Fwww.w3.org%2F2000%2Fsvg%27%20width%3D%271024%27%20height%3D%27768%27%20viewBox%3D%270%200%201024%20768%27%3E%3Crect%20width%3D%271024%27%20height%3D%27768%27%20fill-opacity%3D%220%22%2F%3E%3C%2Fsvg%3E\" data-srcset=\"https:\/\/www.abenteueralbanien.de\/wp-content\/uploads\/2026\/02\/Gepaecktransport-Peaks-of-the-Balkans-16x12.jpg 16w, https:\/\/www.abenteueralbanien.de\/wp-content\/uploads\/2026\/02\/Gepaecktransport-Peaks-of-the-Balkans-200x150.jpg 200w, https:\/\/www.abenteueralbanien.de\/wp-content\/uploads\/2026\/02\/Gepaecktransport-Peaks-of-the-Balkans-300x225.jpg 300w, https:\/\/www.abenteueralbanien.de\/wp-content\/uploads\/2026\/02\/Gepaecktransport-Peaks-of-the-Balkans-400x300.jpg 400w, https:\/\/www.abenteueralbanien.de\/wp-content\/uploads\/2026\/02\/Gepaecktransport-Peaks-of-the-Balkans-600x450.jpg 600w, https:\/\/www.abenteueralbanien.de\/wp-content\/uploads\/2026\/02\/Gepaecktransport-Peaks-of-the-Balkans-768x576.jpg 768w, https:\/\/www.abenteueralbanien.de\/wp-content\/uploads\/2026\/02\/Gepaecktransport-Peaks-of-the-Balkans-800x600.jpg 800w, https:\/\/www.abenteueralbanien.de\/wp-content\/uploads\/2026\/02\/Gepaecktransport-Peaks-of-the-Balkans.jpg 1024w\" data-sizes=\"auto\" data-orig-sizes=\"(max-width: 1024px) 100vw, 1024px\" \/><\/p>\n<p>- Je bagage wordt vervoerd en je kunt er elke dag bij.<br \/>\n- Een maximum van 15 kg per persoon en stuk bagage is toegestaan.<br \/>\n- Neem alleen zachte bagage mee, zoals plunjezakken of rugzakken.<\/p>\n<p>Vermijd plastic koffers of metalen flightcases. Koffers met een harde schaal kunnen gemakkelijk beschadigd raken en zijn moeilijk (extra kosten) of onmogelijk (geen bagagevervoer) te hanteren.<\/p>\n<p>Extra bagage kan worden opgeslagen in het eerste\/laatste hotel en aan het einde van de reis weer worden opgehaald.<\/p>\n<p><strong>Tijdzone<\/strong><\/p>\n<p>GMT +1<\/p>\n<p><strong>Taal<\/strong><\/p>\n<p>Albanees in Kosovo en Albani\u00eb, Servisch\/Montenegrijns in Montenegro. Veel mensen spreken Engels in grote steden, maar dit is vaak niet het geval in afgelegen gebieden. Sommige mensen spreken ook Duits vanwege de grote diaspora in Duitstalige landen.<\/p>\n<p><strong>Voeding en stekker<\/strong><\/p>\n<p>220V, 50 Hz, tweepolige ronde stekker<\/p>\n<p><strong>Valuta<\/strong><\/p>\n<p>Euro (EUR) in Kosovo en Montenegro, Lek in Albani\u00eb, hoewel de euro daar ook vaak wordt geaccepteerd. Geldautomaten zijn beschikbaar in Shkoder (Albani\u00eb), Peja (Kosovo), Plav (Montenegro) en Gjakova (Kosovo).<\/p>\n<div class=\"panel-heading\">\n<h4 id=\"toggle_a7d2fa455e8761d8e\" class=\"panel-title toggle fusion-responsive-typography-calculated\" data-fontsize=\"18\" data-lineheight=\"21.96px\"><span class=\"fusion-toggle-heading\">Paklijst<\/span><\/h4>\n<\/div>\n<div id=\"a7d2fa455e8761d8e\" class=\"panel-collapse collapse in\" aria-labelledby=\"toggle_a7d2fa455e8761d8e\">\n<div class=\"panel-body toggle-content fusion-clearfix\">\n<ul>\n<li>Stevige (enkelhoge) wandelschoenen<\/li>\n<li>Een comfortabel tweede paar schoenen of sandalen<\/li>\n<li>Hoed of andere vorm van bescherming tegen de zon, naast zonnecr\u00e8me en een bril<\/li>\n<li>Lichte regenkleding (in de winter valt 95 % regen)<\/li>\n<li>Warme fleece trui &amp; wandelbroek, omdat de nachten zelfs in de zomer koud zijn<\/li>\n<li>2 liter wateruitrusting<\/li>\n<li>Dagrugzak 20-35 liter<\/li>\n<li>Slaapzak hut<\/li>\n<li>Zwempak\/short (optioneel, maar aanbevolen)<\/li>\n<\/ul>\n<h4>Reserverings- en annuleringsvoorwaarden<\/h4>\n<p>Na je reservering dien je binnen 14 dagen een aanbetaling van 25 % van de boekingsprijs per bank over te maken, het resterende bedrag is dan gewoon verschuldigd tot 4 weken voor aanvang van je tour. In geval van annulering wordt de aanbetaling niet gerestitueerd.<\/p>\n<\/div>\n<\/div>\n<\/div><\/div><\/div><\/div><\/div>","protected":false},"excerpt":{"rendered":"","protected":false},"author":1,"featured_media":23127,"parent":0,"menu_order":0,"comment_status":"closed","ping_status":"closed","template":"","meta":{"footnotes":""},"class_list":["post-10709","page","type-page","status-publish","has-post-thumbnail","hentry"],"_links":{"self":[{"href":"https:\/\/www.abenteueralbanien.de\/nl\/wp-json\/wp\/v2\/pages\/10709","targetHints":{"allow":["GET"]}}],"collection":[{"href":"https:\/\/www.abenteueralbanien.de\/nl\/wp-json\/wp\/v2\/pages"}],"about":[{"href":"https:\/\/www.abenteueralbanien.de\/nl\/wp-json\/wp\/v2\/types\/page"}],"author":[{"embeddable":true,"href":"https:\/\/www.abenteueralbanien.de\/nl\/wp-json\/wp\/v2\/users\/1"}],"replies":[{"embeddable":true,"href":"https:\/\/www.abenteueralbanien.de\/nl\/wp-json\/wp\/v2\/comments?post=10709"}],"version-history":[{"count":48,"href":"https:\/\/www.abenteueralbanien.de\/nl\/wp-json\/wp\/v2\/pages\/10709\/revisions"}],"predecessor-version":[{"id":24348,"href":"https:\/\/www.abenteueralbanien.de\/nl\/wp-json\/wp\/v2\/pages\/10709\/revisions\/24348"}],"wp:featuredmedia":[{"embeddable":true,"href":"https:\/\/www.abenteueralbanien.de\/nl\/wp-json\/wp\/v2\/media\/23127"}],"wp:attachment":[{"href":"https:\/\/www.abenteueralbanien.de\/nl\/wp-json\/wp\/v2\/media?parent=10709"}],"curies":[{"name":"wp","href":"https:\/\/api.w.org\/{rel}","templated":true}]}}